{"id":2,"date":"2026-02-15T21:15:19","date_gmt":"2026-02-15T21:15:19","guid":{"rendered":"http:\/\/vernondemain.fr\/?page_id=2"},"modified":"2026-03-12T19:56:06","modified_gmt":"2026-03-12T19:56:06","slug":"vernon-demain","status":"publish","type":"page","link":"https:\/\/vernondemain.fr\/","title":{"rendered":"Vernon Demain"},"content":{"rendered":"<p>[et_pb_section fb_built=\u00a0\u00bb1&Prime; _builder_version=\u00a0\u00bb4.27.5&Prime; _module_preset=\u00a0\u00bbdefault\u00a0\u00bb custom_padding=\u00a0\u00bb0px||0px||true|false\u00a0\u00bb global_colors_info=\u00a0\u00bb{}\u00a0\u00bb][et_pb_row use_custom_gutter=\u00a0\u00bbon\u00a0\u00bb gutter_width=\u00a0\u00bb1&Prime; _builder_version=\u00a0\u00bb4.27.5&Prime; _module_preset=\u00a0\u00bbdefault\u00a0\u00bb width=\u00a0\u00bb100%\u00a0\u00bb width_phone=\u00a0\u00bb100%\u00a0\u00bb max_width=\u00a0\u00bb100%\u00a0\u00bb custom_padding=\u00a0\u00bb0px||0px||true|false\u00a0\u00bb global_colors_info=\u00a0\u00bb{}\u00a0\u00bb][et_pb_column type=\u00a0\u00bb4_4&Prime; _builder_version=\u00a0\u00bb4.27.5&Prime; _module_preset=\u00a0\u00bbdefault\u00a0\u00bb global_colors_info=\u00a0\u00bb{}\u00a0\u00bb][et_pb_image src=\u00a0\u00bbhttp:\/\/vernondemain.fr\/wp-content\/uploads\/2026\/02\/GROUPE-VERNON-DEMAIN.webp\u00a0\u00bb title_text=\u00a0\u00bbGROUPE VERNON DEMAIN\u00a0\u00bb _builder_version=\u00a0\u00bb4.27.5&Prime; _module_preset=\u00a0\u00bbdefault\u00a0\u00bb global_colors_info=\u00a0\u00bb{}\u00a0\u00bb][\/et_pb_image][\/et_pb_column][\/et_pb_row][\/et_pb_section][et_pb_section fb_built=\u00a0\u00bb1&Prime; _builder_version=\u00a0\u00bb4.27.6&Prime; _module_preset=\u00a0\u00bbdefault\u00a0\u00bb background_color=\u00a0\u00bb#66b679&Prime; custom_padding=\u00a0\u00bb10px||10px||true|false\u00a0\u00bb global_colors_info=\u00a0\u00bb{}\u00a0\u00bb][et_pb_row use_custom_gutter=\u00a0\u00bbon\u00a0\u00bb gutter_width=\u00a0\u00bb2&Prime; _builder_version=\u00a0\u00bb4.27.5&Prime; _module_preset=\u00a0\u00bbdefault\u00a0\u00bb custom_padding=\u00a0\u00bb20px||20px||true|false\u00a0\u00bb global_colors_info=\u00a0\u00bb{}\u00a0\u00bb][et_pb_column type=\u00a0\u00bb4_4&Prime; _builder_version=\u00a0\u00bb4.27.5&Prime; _module_preset=\u00a0\u00bbdefault\u00a0\u00bb global_colors_info=\u00a0\u00bb{}\u00a0\u00bb][et_pb_blurb use_icon=\u00a0\u00bbon\u00a0\u00bb font_icon=\u00a0\u00bb&#xf274;||fa||400&Prime; icon_color=\u00a0\u00bb#cd3733&Prime; image_icon_background_color=\u00a0\u00bbRGBA(255,255,255,0)\u00a0\u00bb icon_placement=\u00a0\u00bbleft\u00a0\u00bb image_icon_width=\u00a0\u00bb48px\u00a0\u00bb content_max_width=\u00a0\u00bb90%\u00a0\u00bb _builder_version=\u00a0\u00bb4.27.6&Prime; _module_preset=\u00a0\u00bbdefault\u00a0\u00bb body_link_text_color=\u00a0\u00bb#000000&Prime; background_layout=\u00a0\u00bbdark\u00a0\u00bb module_alignment=\u00a0\u00bbcenter\u00a0\u00bb custom_css_blurb_image=\u00a0\u00bbpadding-right: 30px;\u00a0\u00bb global_colors_info=\u00a0\u00bb{}\u00a0\u00bb]<\/p>\n<p><span style=\"font-weight: 400; font-size: large;\"><strong>MEETINGS : <\/strong><\/span><strong><span style=\"font-size: large;\">Premier tour le 11 mars &#8211; Second tour le 19 mars <\/span><\/strong><\/p>\n<p><span style=\"font-weight: 400; font-size: large;\"><a href=\"https:\/\/maps.app.goo.gl\/3mKnxpVK2bJoSMLE7\" target=\"_blank\" rel=\"noopener\">Salle Vikings &#8211; Espace Philippe Auguste<\/a> &#8211; 19h00<\/span><span style=\"font-weight: 400; font-size: large;\"><\/span><\/p>\n<p>[\/et_pb_blurb][\/et_pb_column][\/et_pb_row][\/et_pb_section][et_pb_section fb_built=\u00a0\u00bb1&Prime; _builder_version=\u00a0\u00bb4.27.5&Prime; _module_preset=\u00a0\u00bbdefault\u00a0\u00bb custom_padding=\u00a0\u00bb||26px|||\u00a0\u00bb global_colors_info=\u00a0\u00bb{}\u00a0\u00bb][et_pb_row column_structure=\u00a0\u00bb1_4,3_4&Prime; use_custom_gutter=\u00a0\u00bbon\u00a0\u00bb gutter_width=\u00a0\u00bb2&Prime; _builder_version=\u00a0\u00bb4.27.5&Prime; _module_preset=\u00a0\u00bbdefault\u00a0\u00bb custom_padding=\u00a0\u00bb2px|||||\u00a0\u00bb global_colors_info=\u00a0\u00bb{}\u00a0\u00bb][et_pb_column type=\u00a0\u00bb1_4&Prime; _builder_version=\u00a0\u00bb4.27.5&Prime; _module_preset=\u00a0\u00bbdefault\u00a0\u00bb global_colors_info=\u00a0\u00bb{}\u00a0\u00bb][et_pb_image src=\u00a0\u00bbhttp:\/\/vernondemain.fr\/wp-content\/uploads\/2026\/02\/amadine-liard.webp\u00a0\u00bb title_text=\u00a0\u00bbamadine-liard\u00a0\u00bb _builder_version=\u00a0\u00bb4.27.5&Prime; _module_preset=\u00a0\u00bbdefault\u00a0\u00bb global_colors_info=\u00a0\u00bb{}\u00a0\u00bb][\/et_pb_image][et_pb_text _builder_version=\u00a0\u00bb4.27.5&Prime; _module_preset=\u00a0\u00bbdefault\u00a0\u00bb text_font_size=\u00a0\u00bb13px\u00a0\u00bb text_line_height=\u00a0\u00bb1.5em\u00a0\u00bb global_colors_info=\u00a0\u00bb{}\u00a0\u00bb]<\/p>\n<p><b>Amandine LIARD<\/b>, c<span style=\"font-weight: 400;\">andidate t\u00eate de liste de Vernon Demain<\/span><\/p>\n<p>[\/et_pb_text][\/et_pb_column][et_pb_column type=\u00a0\u00bb3_4&Prime; _builder_version=\u00a0\u00bb4.27.5&Prime; _module_preset=\u00a0\u00bbdefault\u00a0\u00bb global_colors_info=\u00a0\u00bb{}\u00a0\u00bb][et_pb_text _builder_version=\u00a0\u00bb4.27.6&Prime; _module_preset=\u00a0\u00bbdefault\u00a0\u00bb global_colors_info=\u00a0\u00bb{}\u00a0\u00bb]<\/p>\n<p><span style=\"color: #cd3733; font-size: 18px;\">LA LISTE DE <strong>GAUCHE, \u00c9COLOGISTE ET CITOYENNE<\/strong><\/span><\/p>\n<p><strong>Pour une ville qui prot\u00e8ge,<\/strong><br \/><strong>Pour une ville qui \u00e9mancipe.<\/strong><\/p>\n<p>Vernonnaise depuis l\u2019enfance, engag\u00e9e dans la vie associative et politique, j\u2019ai l\u2019honneur d\u2019avoir \u00e9t\u00e9 choisie pour conduire la liste Vernon Demain\u2009: une liste d\u2019union de la gauche, des \u00e9cologistes et des citoyens. <strong>Avec mes colisti\u00e8res et mes colistiers, nous portons un projet nouveau pour notre ville, bas\u00e9 sur la d\u00e9fense des services publics, la protection du vivant et les valeurs de notre R\u00e9publique<\/strong>.<\/p>\n<p>Une conviction a guid\u00e9 notre projet\u2009: une ville n\u2019est forte que lorsque ses services publics le sont, une ville n\u2019est juste que lorsqu\u2019elle se met au service de tous, une ville n\u2019est vivante que lorsqu\u2019elle donne \u00e0 chacun les moyens de s\u2019\u00e9panouir.<\/p>\n<p><strong>Les 15 et 22 mars prochains, faites le choix de Vernon Demain, une \u00e9quipe au service d\u2019une solidarit\u00e9 r\u00e9elle et d\u2019une \u00e9cologie concr\u00e8te afin de mettre en place une collectivit\u00e9 qui prot\u00e8ge et permet l\u2019\u00e9mancipation de toutes et tous.<\/strong><\/p>\n<p>Nous refusons la destruction des services publics, l\u2019\u00e9rosion continue de nos droits, l\u2019accroissement des in\u00e9galit\u00e9s, les grands projets inutiles et \u00e9cocides qui ne r\u00e9pondent pas aux besoins r\u00e9els des habitants. <strong>Avec Vernon Demain, nous proposons une rupture radicale avec le syst\u00e8me Lecornu-Ouzilleau, d\u00e9clinaison locale de la politique n\u00e9olib\u00e9rale et autoritaire d\u2019Emmanuel Macron<\/strong>\u2009\u2009: un syst\u00e8me qui privil\u00e9gie l\u2019affichage \u00e0 l\u2019action, la communication permanente aux r\u00e9ponses concr\u00e8tes, et l\u2019int\u00e9r\u00eat des plus riches \u00e0 l\u2019int\u00e9r\u00eat g\u00e9n\u00e9ral.<\/p>\n<p>Leur programme d\u2019investissement, \u00e9pingl\u00e9 par la Cour des comptes en 2023, illustre cette fuite en avant\u2009: des choix co\u00fbteux, mal prioris\u00e9s, qui engagent durablement les finances locales sans r\u00e9pondre aux besoins essentiels. Reprenons en main les comp\u00e9tences municipales abandonn\u00e9es aux entreprises priv\u00e9es afin que la Mairie exerce \u00e0 nouveau sa vocation premi\u00e8re\u2009: <strong>faire de Vernon un lieu o\u00f9 l\u2019on vit bien et o\u00f9 l\u2019on peut s\u2019\u00e9panouir, quels que soient ses moyens, son \u00e2ge et son parcours<\/strong>.<\/p>\n<p><strong>Vernon, demain, sera \u00e0 la fois une ville qui prot\u00e8ge et une ville qui \u00e9mancipe.<\/strong><\/p>\n<p><strong>Une ville qui prot\u00e8ge<\/strong>, c\u2019est une ville qui garantit \u00e0 chacune et chacun l\u2019acc\u00e8s aux droits fondamentaux, fait de la puissance publique un rempart contre les in\u00e9galit\u00e9s, anticipe le changement climatique et pr\u00e9pare la transformation \u00e9cologique et sociale.<\/p>\n<p><strong>Une ville qui \u00e9mancipe<\/strong>, c\u2019est une ville qui permet \u00e0 chacune et chacun de grandir, d\u2019apprendre, de partager, de cr\u00e9er, de r\u00eaver, de s\u2019accomplir, de choisir, une ville qui soutient les individus tout en renfor\u00e7ant le collectif.<\/p>\n<p>Ce projet ambitieux rassemble \u00e0 ce jour des femmes et des hommes engag\u00e9\u00b7es, des habitantes et habitants de tous horizons autour d\u2019un m\u00eame principe\u2009: <strong>la ville doit \u00eatre g\u00e9r\u00e9e par et pour le plus grand nombre, jamais pour quelques-uns<\/strong>.<\/p>\n<p>C\u2019est pourquoi nous avons construit notre programme avec vous, dans nos ateliers participatifs en ce d\u00e9but d\u2019ann\u00e9e 2026. Cette d\u00e9marche, nous la poursuivrons une fois \u00e9lus \u00e0 travers la mise en place d\u2019une r\u00e9elle d\u00e9mocratie locale. Vernon doit redevenir <strong>une ville o\u00f9 l\u2019on d\u00e9cide ensemble, une ville que nous faisons commune<\/strong>.<\/p>\n<p><strong>Pour cela, les 15 et 22 mars, faisons le choix de l\u2019avenir afin que Vernon, demain, soit une ville au service de toutes et tous.<\/strong><\/p>\n<p>[\/et_pb_text][\/et_pb_column][\/et_pb_row][\/et_pb_section][et_pb_section fb_built=\u00a0\u00bb1&Prime; _builder_version=\u00a0\u00bb4.27.5&Prime; _module_preset=\u00a0\u00bbdefault\u00a0\u00bb background_color=\u00a0\u00bb#ffe100&Prime; custom_padding=\u00a0\u00bb10px||10px||true|false\u00a0\u00bb global_colors_info=\u00a0\u00bb{}\u00a0\u00bb][et_pb_row use_custom_gutter=\u00a0\u00bbon\u00a0\u00bb gutter_width=\u00a0\u00bb2&Prime; _builder_version=\u00a0\u00bb4.27.5&Prime; _module_preset=\u00a0\u00bbdefault\u00a0\u00bb custom_padding=\u00a0\u00bb20px||20px||true|false\u00a0\u00bb global_colors_info=\u00a0\u00bb{}\u00a0\u00bb][et_pb_column type=\u00a0\u00bb4_4&Prime; _builder_version=\u00a0\u00bb4.27.5&Prime; _module_preset=\u00a0\u00bbdefault\u00a0\u00bb global_colors_info=\u00a0\u00bb{}\u00a0\u00bb][et_pb_blurb use_icon=\u00a0\u00bbon\u00a0\u00bb font_icon=\u00a0\u00bb&#xf10d;||fa||900&Prime; icon_color=\u00a0\u00bb#d21c62&Prime; image_icon_background_color=\u00a0\u00bbRGBA(255,255,255,0)\u00a0\u00bb icon_placement=\u00a0\u00bbleft\u00a0\u00bb image_icon_width=\u00a0\u00bb48px\u00a0\u00bb content_max_width=\u00a0\u00bb90%\u00a0\u00bb _builder_version=\u00a0\u00bb4.27.5&Prime; _module_preset=\u00a0\u00bbdefault\u00a0\u00bb module_alignment=\u00a0\u00bbcenter\u00a0\u00bb global_colors_info=\u00a0\u00bb{}\u00a0\u00bb]<\/p>\n<p>Le pouvoir appartient au peuple. Nous mettrons en place le <strong>R\u00e9f\u00e9rendum d\u2019Initiative Citoyenne (RIC)<\/strong>, des <strong>conseils de quartiers<\/strong> dot\u00e9s de budgets participatifs.<\/p>\n<p>[\/et_pb_blurb][\/et_pb_column][\/et_pb_row][\/et_pb_section][et_pb_section fb_built=\u00a0\u00bb1&Prime; _builder_version=\u00a0\u00bb4.27.5&Prime; _module_preset=\u00a0\u00bbdefault\u00a0\u00bb custom_padding=\u00a0\u00bb40px||0px|||\u00a0\u00bb global_colors_info=\u00a0\u00bb{}\u00a0\u00bb][et_pb_row column_structure=\u00a0\u00bb1_4,1_4,1_4,1_4&Prime; use_custom_gutter=\u00a0\u00bbon\u00a0\u00bb gutter_width=\u00a0\u00bb2&Prime; _builder_version=\u00a0\u00bb4.27.5&Prime; _module_preset=\u00a0\u00bbdefault\u00a0\u00bb global_colors_info=\u00a0\u00bb{}\u00a0\u00bb][et_pb_column type=\u00a0\u00bb1_4&Prime; _builder_version=\u00a0\u00bb4.27.5&Prime; _module_preset=\u00a0\u00bbdefault\u00a0\u00bb global_colors_info=\u00a0\u00bb{}\u00a0\u00bb][et_pb_image src=\u00a0\u00bbhttp:\/\/vernondemain.fr\/wp-content\/uploads\/2026\/02\/Logo_Les_Ecologistes.png\u00a0\u00bb title_text=\u00a0\u00bbLogo_Les_Ecologistes\u00a0\u00bb align=\u00a0\u00bbcenter\u00a0\u00bb _builder_version=\u00a0\u00bb4.27.5&Prime; _module_preset=\u00a0\u00bbdefault\u00a0\u00bb max_width=\u00a0\u00bb300px\u00a0\u00bb max_width_tablet=\u00a0\u00bb210px\u00a0\u00bb max_width_phone=\u00a0\u00bb310px\u00a0\u00bb max_width_last_edited=\u00a0\u00bbon|phone\u00a0\u00bb module_alignment=\u00a0\u00bbcenter\u00a0\u00bb custom_padding=\u00a0\u00bb20px||||false|false\u00a0\u00bb custom_padding_tablet=\u00a0\u00bb20px||||false|false\u00a0\u00bb custom_padding_phone=\u00a0\u00bb0px||||false|false\u00a0\u00bb custom_padding_last_edited=\u00a0\u00bbon|phone\u00a0\u00bb custom_css_main_element=\u00a0\u00bbmargin: auto;\u00a0\u00bb global_colors_info=\u00a0\u00bb{}\u00a0\u00bb][\/et_pb_image][\/et_pb_column][et_pb_column type=\u00a0\u00bb1_4&Prime; _builder_version=\u00a0\u00bb4.27.5&Prime; _module_preset=\u00a0\u00bbdefault\u00a0\u00bb global_colors_info=\u00a0\u00bb{}\u00a0\u00bb][et_pb_image src=\u00a0\u00bbhttp:\/\/vernondemain.fr\/wp-content\/uploads\/2026\/02\/LOGO-lfi-1024&#215;493.png\u00a0\u00bb title_text=\u00a0\u00bbLOGO-lfi\u00a0\u00bb align=\u00a0\u00bbcenter\u00a0\u00bb _builder_version=\u00a0\u00bb4.27.5&Prime; _module_preset=\u00a0\u00bbdefault\u00a0\u00bb max_width=\u00a0\u00bb175px\u00a0\u00bb max_width_tablet=\u00a0\u00bb200px\u00a0\u00bb max_width_phone=\u00a0\u00bb210px\u00a0\u00bb max_width_last_edited=\u00a0\u00bbon|phone\u00a0\u00bb custom_padding=\u00a0\u00bb20px||||false|false\u00a0\u00bb custom_css_main_element=\u00a0\u00bbmargin: auto;\u00a0\u00bb global_colors_info=\u00a0\u00bb{}\u00a0\u00bb][\/et_pb_image][\/et_pb_column][et_pb_column type=\u00a0\u00bb1_4&Prime; _builder_version=\u00a0\u00bb4.27.5&Prime; _module_preset=\u00a0\u00bbdefault\u00a0\u00bb global_colors_info=\u00a0\u00bb{}\u00a0\u00bb][et_pb_image src=\u00a0\u00bbhttp:\/\/vernondemain.fr\/wp-content\/uploads\/2026\/02\/Logo_du_Parti_communiste_francais.png\u00a0\u00bb title_text=\u00a0\u00bbLogo_du_Parti_communiste_franc\u0327ais\u00a0\u00bb align=\u00a0\u00bbcenter\u00a0\u00bb _builder_version=\u00a0\u00bb4.27.5&Prime; _module_preset=\u00a0\u00bbdefault\u00a0\u00bb width=\u00a0\u00bb180px\u00a0\u00bb width_tablet=\u00a0\u00bb120px\u00a0\u00bb width_phone=\u00a0\u00bb200px\u00a0\u00bb width_last_edited=\u00a0\u00bbon|phone\u00a0\u00bb custom_margin=\u00a0\u00bb||18px|||\u00a0\u00bb custom_css_main_element=\u00a0\u00bbmargin: auto;\u00a0\u00bb global_colors_info=\u00a0\u00bb{}\u00a0\u00bb][\/et_pb_image][\/et_pb_column][et_pb_column type=\u00a0\u00bb1_4&Prime; _builder_version=\u00a0\u00bb4.27.5&Prime; _module_preset=\u00a0\u00bbdefault\u00a0\u00bb global_colors_info=\u00a0\u00bb{}\u00a0\u00bb][et_pb_image src=\u00a0\u00bbhttp:\/\/vernondemain.fr\/wp-content\/uploads\/2026\/02\/citoyen.ne_.s-engage.e.s.webp\u00a0\u00bb title_text=\u00a0\u00bbcitoyen.ne.s engage\u0301.e.s\u00a0\u00bb align=\u00a0\u00bbcenter\u00a0\u00bb _builder_version=\u00a0\u00bb4.27.5&Prime; _module_preset=\u00a0\u00bbdefault\u00a0\u00bb max_width=\u00a0\u00bb175px\u00a0\u00bb max_width_tablet=\u00a0\u00bb200px\u00a0\u00bb max_width_phone=\u00a0\u00bb210px\u00a0\u00bb max_width_last_edited=\u00a0\u00bbon|phone\u00a0\u00bb custom_padding=\u00a0\u00bb20px||||false|false\u00a0\u00bb custom_css_main_element=\u00a0\u00bbmargin: auto;\u00a0\u00bb global_colors_info=\u00a0\u00bb{}\u00a0\u00bb][\/et_pb_image][\/et_pb_column][\/et_pb_row][\/et_pb_section][et_pb_section fb_built=\u00a0\u00bb1&Prime; module_id=\u00a0\u00bbprogramme\u00a0\u00bb _builder_version=\u00a0\u00bb4.27.5&Prime; _module_preset=\u00a0\u00bbdefault\u00a0\u00bb background_color=\u00a0\u00bb#f4f4f4&Prime; top_divider_height=\u00a0\u00bb20px\u00a0\u00bb top_divider_repeat=\u00a0\u00bb1x\u00a0\u00bb global_colors_info=\u00a0\u00bb{}\u00a0\u00bb][et_pb_row _builder_version=\u00a0\u00bb4.27.5&Prime; _module_preset=\u00a0\u00bbdefault\u00a0\u00bb custom_padding=\u00a0\u00bb||0px|||\u00a0\u00bb global_colors_info=\u00a0\u00bb{}\u00a0\u00bb][et_pb_column type=\u00a0\u00bb4_4&Prime; _builder_version=\u00a0\u00bb4.27.5&Prime; _module_preset=\u00a0\u00bbdefault\u00a0\u00bb global_colors_info=\u00a0\u00bb{}\u00a0\u00bb][et_pb_text _builder_version=\u00a0\u00bb4.27.6&Prime; _module_preset=\u00a0\u00bbdefault\u00a0\u00bb header_2_text_color=\u00a0\u00bb#9503FA\u00a0\u00bb global_colors_info=\u00a0\u00bb{}\u00a0\u00bb]<\/p>\n<h2>Le programme de la liste Vernon Demain<\/h2>\n<p>[\/et_pb_text][\/et_pb_column][\/et_pb_row][et_pb_row column_structure=\u00a0\u00bb2_5,3_5&Prime; _builder_version=\u00a0\u00bb4.27.6&Prime; _module_preset=\u00a0\u00bbdefault\u00a0\u00bb global_colors_info=\u00a0\u00bb{}\u00a0\u00bb][et_pb_column type=\u00a0\u00bb2_5&Prime; _builder_version=\u00a0\u00bb4.27.5&Prime; _module_preset=\u00a0\u00bbdefault\u00a0\u00bb global_colors_info=\u00a0\u00bb{}\u00a0\u00bb][et_pb_image src=\u00a0\u00bbhttp:\/\/vernondemain.fr\/wp-content\/uploads\/2026\/03\/Programme-Vernon-Demain.webp\u00a0\u00bb alt=\u00a0\u00bbAmandine Liard\u00a0\u00bb title_text=\u00a0\u00bbProgramme Vernon Demain\u00a0\u00bb url=\u00a0\u00bbhttp:\/\/vernondemain.fr\/wp-content\/uploads\/2026\/03\/Programme-Vernon-Demain.pdf\u00a0\u00bb url_new_window=\u00a0\u00bbon\u00a0\u00bb _builder_version=\u00a0\u00bb4.27.6&Prime; _module_preset=\u00a0\u00bbdefault\u00a0\u00bb custom_margin=\u00a0\u00bb||46px|||\u00a0\u00bb global_colors_info=\u00a0\u00bb{}\u00a0\u00bb][\/et_pb_image][et_pb_button button_url=\u00a0\u00bb@ET-DC@eyJkeW5hbWljIjp0cnVlLCJjb250ZW50IjoicG9zdF9saW5rX3VybF9wYWdlIiwic2V0dGluZ3MiOnsicG9zdF9pZCI6IjE2MCJ9fQ==@\u00a0\u00bb button_text=\u00a0\u00bbConsulter le programme\u00a0\u00bb button_alignment=\u00a0\u00bbcenter\u00a0\u00bb _builder_version=\u00a0\u00bb4.27.6&Prime; _dynamic_attributes=\u00a0\u00bbbutton_url\u00a0\u00bb _module_preset=\u00a0\u00bbdefault\u00a0\u00bb custom_button=\u00a0\u00bbon\u00a0\u00bb button_text_size=\u00a0\u00bb18px\u00a0\u00bb button_text_color=\u00a0\u00bb#ffffff\u00a0\u00bb button_bg_color=\u00a0\u00bb#7AD257&Prime; button_border_width=\u00a0\u00bb0px\u00a0\u00bb button_border_radius=\u00a0\u00bb0px\u00a0\u00bb button_font=\u00a0\u00bb|700||on|||||\u00a0\u00bb global_colors_info=\u00a0\u00bb{}\u00a0\u00bb][\/et_pb_button][\/et_pb_column][et_pb_column type=\u00a0\u00bb3_5&Prime; _builder_version=\u00a0\u00bb4.27.5&Prime; _module_preset=\u00a0\u00bbdefault\u00a0\u00bb global_colors_info=\u00a0\u00bb{}\u00a0\u00bb][et_pb_text _builder_version=\u00a0\u00bb4.27.5&Prime; _module_preset=\u00a0\u00bbdefault\u00a0\u00bb background_color=\u00a0\u00bb#ffffff\u00a0\u00bb custom_padding=\u00a0\u00bb20px|20px|20px|20px|true|true\u00a0\u00bb border_width_all=\u00a0\u00bb2px\u00a0\u00bb border_color_all=\u00a0\u00bb#7AD257&Prime; global_colors_info=\u00a0\u00bb{}\u00a0\u00bb]<\/p>\n<p><b>NOUS R\u00c9PONDRONS AUX BESOINS<\/b><b><\/b><\/p>\n<ul>\n<li aria-level=\"1\"><span style=\"font-weight: 400;\">Cr\u00e9er de <\/span><b>v\u00e9ritables centres de sant\u00e9<\/b><span style=\"font-weight: 400;\">, avec des m\u00e9decins salari\u00e9s, <\/span><b>sans d\u00e9passement d\u2019honoraires<\/b><span style=\"font-weight: 400;\"> (secteur 1) et avec application du <\/span><b>tiers payant.<\/b><\/li>\n<li aria-level=\"1\"><span style=\"font-weight: 400;\">Lancer un <\/span><b>plan cantine scolaire 100% bio, locale et solidaire <\/b><span style=\"font-weight: 400;\">avec un<\/span><b> tarif social <\/b><span style=\"font-weight: 400;\">et une<\/span><b> tranche de gratuit\u00e9<\/b><b><br \/><\/b><\/li>\n<li aria-level=\"1\"><span style=\"font-weight: 400;\">Agir pour une <\/span><b>meilleure qualit\u00e9 de l&rsquo;eau<\/b><span style=\"font-weight: 400;\"> (avec <\/span><b>gratuit\u00e9 des 15 premiers m3<\/b><span style=\"font-weight: 400;\">), une<\/span><b> meilleure qualit\u00e9 de l&rsquo;air<\/b><span style=\"font-weight: 400;\"> ainsi qu&rsquo;une <\/span><b>meilleure alimentation<\/b><span style=\"font-weight: 400;\"> (mara\u00eechage municipal bio, \u00e9piceries bio et solidaires)<\/span><\/li>\n<li aria-level=\"1\"><span style=\"font-weight: 400;\">Acqu\u00e9rir et r\u00e9nover des <\/span><b>immeubles vacants<\/b><span style=\"font-weight: 400;\"> pour les transformer en <\/span><b>logements sociaux <\/b><span style=\"font-weight: 400;\">et<\/span><b> h\u00e9bergements d&rsquo;urgence<\/b><span style=\"font-weight: 400;\"> via le droit de pr\u00e9emption et de r\u00e9quisition.<\/span><\/li>\n<li aria-level=\"1\"><span style=\"font-weight: 400;\">Constituer\u00a0 des <\/span><b>conseils de quartiers dot\u00e9s de budgets participatifs<\/b><span style=\"font-weight: 400;\"> et mettre\u00a0 en place le\u00a0 <\/span><b>R\u00e9f\u00e9rendum d\u2019Initiative Citoyenne (RIC)<\/b><\/li>\n<li aria-level=\"1\"><b>Former tous les agents aux probl\u00e9matiques des violences<\/b><span style=\"font-weight: 400;\"> sexistes, sexuelles, lgbtq-phobes, racistes, antis\u00e9mites, islamophobes, et toutes les formes de <\/span><b>discrimination.\u00a0<\/b><\/li>\n<li aria-level=\"1\"><b>Faire de la culture un bien commun et accessible \u00e0 tous<\/b><span style=\"font-weight: 400;\">, valorisant la diversit\u00e9 des r\u00e9cits et les acteurs locaux, et soutenant les partenariats avec les \u00e9coles, les maisons de retraite et les foyers.\u00a0<\/span><\/li>\n<li aria-level=\"1\"><b>Construire une ville plus sobre, plus saine et r\u00e9siliente face au changement climatique<\/b><span style=\"font-weight: 400;\">, reposant sur la renaturation et la d\u00e9simperm\u00e9abilisation des sols, le d\u00e9veloppement des \u00e9nergies renouvelables, la r\u00e9novation thermique de l\u2019existant et la d\u00e9carbonation des constructions neuves et la cr\u00e9ation de r\u00e9seaux cyclables et pi\u00e9tons continus et s\u00e9curis\u00e9s.<\/span><\/li>\n<\/ul>\n<p><b>NOUS LUTTERONS POUR L\u2019APPLICATION DU PROGRAMME<\/b><\/p>\n<p>[\/et_pb_text][\/et_pb_column][\/et_pb_row][\/et_pb_section][et_pb_section fb_built=\u00a0\u00bb1&Prime; module_id=\u00a0\u00bbcolistiers\u00a0\u00bb _builder_version=\u00a0\u00bb4.27.6&Prime; _module_preset=\u00a0\u00bbdefault\u00a0\u00bb background_color=\u00a0\u00bb#06A4AD\u00a0\u00bb custom_padding=\u00a0\u00bb0px||5px||false|false\u00a0\u00bb global_colors_info=\u00a0\u00bb{}\u00a0\u00bb][et_pb_row _builder_version=\u00a0\u00bb4.27.5&Prime; _module_preset=\u00a0\u00bbdefault\u00a0\u00bb global_colors_info=\u00a0\u00bb{}\u00a0\u00bb][et_pb_column type=\u00a0\u00bb4_4&Prime; _builder_version=\u00a0\u00bb4.27.5&Prime; _module_preset=\u00a0\u00bbdefault\u00a0\u00bb global_colors_info=\u00a0\u00bb{}\u00a0\u00bb][et_pb_text _builder_version=\u00a0\u00bb4.27.5&Prime; _module_preset=\u00a0\u00bbdefault\u00a0\u00bb header_2_text_color=\u00a0\u00bb#ffffff\u00a0\u00bb global_colors_info=\u00a0\u00bb{}\u00a0\u00bb]<\/p>\n<h2>Les colistiers<\/h2>\n<p>[\/et_pb_text][\/et_pb_column][\/et_pb_row][\/et_pb_section][et_pb_section fb_built=\u00a0\u00bb1&Prime; _builder_version=\u00a0\u00bb4.27.5&Prime; _module_preset=\u00a0\u00bbdefault\u00a0\u00bb custom_margin=\u00a0\u00bb-16px|||||\u00a0\u00bb custom_padding=\u00a0\u00bb27px||34px|||\u00a0\u00bb global_colors_info=\u00a0\u00bb{}\u00a0\u00bb][et_pb_row _builder_version=\u00a0\u00bb4.27.6&Prime; _module_preset=\u00a0\u00bbdefault\u00a0\u00bb global_colors_info=\u00a0\u00bb{}\u00a0\u00bb][et_pb_column type=\u00a0\u00bb4_4&Prime; _builder_version=\u00a0\u00bb4.27.6&Prime; _module_preset=\u00a0\u00bbdefault\u00a0\u00bb global_colors_info=\u00a0\u00bb{}\u00a0\u00bb][et_pb_text _builder_version=\u00a0\u00bb4.27.6&Prime; _module_preset=\u00a0\u00bbdefault\u00a0\u00bb global_colors_info=\u00a0\u00bb{}\u00a0\u00bb]<\/p>\n<p><strong>Liste en cours d&rsquo;actualisation&#8230;. Merci de patienter encore un peu !<\/strong><\/p>\n<p>[\/et_pb_text][\/et_pb_column][\/et_pb_row][et_pb_row column_structure=\u00a0\u00bb1_6,1_6,1_6,1_6,1_6,1_6&Prime; _builder_version=\u00a0\u00bb4.27.5&Prime; _module_preset=\u00a0\u00bbdefault\u00a0\u00bb custom_padding=\u00a0\u00bb||14px|||\u00a0\u00bb global_colors_info=\u00a0\u00bb{}\u00a0\u00bb][et_pb_column type=\u00a0\u00bb1_6&Prime; _builder_version=\u00a0\u00bb4.27.5&Prime; _module_preset=\u00a0\u00bbdefault\u00a0\u00bb global_colors_info=\u00a0\u00bb{}\u00a0\u00bb][et_pb_image src=\u00a0\u00bbhttp:\/\/vernondemain.fr\/wp-content\/uploads\/2026\/02\/renaud.webp\u00a0\u00bb title_text=\u00a0\u00bbalexandre\u00a0\u00bb _builder_version=\u00a0\u00bb4.27.5&Prime; _module_preset=\u00a0\u00bbdefault\u00a0\u00bb max_width_tablet=\u00a0\u00bb\u00a0\u00bb max_width_phone=\u00a0\u00bb220px\u00a0\u00bb max_width_last_edited=\u00a0\u00bbon|phone\u00a0\u00bb module_alignment=\u00a0\u00bbcenter\u00a0\u00bb custom_margin=\u00a0\u00bb||22px|||\u00a0\u00bb border_radii=\u00a0\u00bbon|500px|500px|500px|500px\u00a0\u00bb global_colors_info=\u00a0\u00bb{}\u00a0\u00bb][\/et_pb_image][et_pb_text _builder_version=\u00a0\u00bb4.27.5&Prime; _module_preset=\u00a0\u00bbdefault\u00a0\u00bb text_font=\u00a0\u00bb|600|||||||\u00a0\u00bb text_text_color=\u00a0\u00bb#2b2b2b\u00a0\u00bb text_line_height=\u00a0\u00bb1.4em\u00a0\u00bb text_orientation=\u00a0\u00bbcenter\u00a0\u00bb global_colors_info=\u00a0\u00bb{}\u00a0\u00bb]<\/p>\n<p>Renaud Anne<\/p>\n<p>[\/et_pb_text][\/et_pb_column][et_pb_column type=\u00a0\u00bb1_6&Prime; _builder_version=\u00a0\u00bb4.27.5&Prime; _module_preset=\u00a0\u00bbdefault\u00a0\u00bb global_colors_info=\u00a0\u00bb{}\u00a0\u00bb][et_pb_image src=\u00a0\u00bbhttp:\/\/vernondemain.fr\/wp-content\/uploads\/2026\/02\/alexandre.webp\u00a0\u00bb title_text=\u00a0\u00bbalexandre\u00a0\u00bb _builder_version=\u00a0\u00bb4.27.5&Prime; _module_preset=\u00a0\u00bbdefault\u00a0\u00bb max_width_tablet=\u00a0\u00bb\u00a0\u00bb max_width_phone=\u00a0\u00bb220px\u00a0\u00bb max_width_last_edited=\u00a0\u00bbon|phone\u00a0\u00bb module_alignment=\u00a0\u00bbcenter\u00a0\u00bb custom_margin=\u00a0\u00bb||22px|||\u00a0\u00bb border_radii=\u00a0\u00bbon|500px|500px|500px|500px\u00a0\u00bb global_colors_info=\u00a0\u00bb{}\u00a0\u00bb][\/et_pb_image][et_pb_text _builder_version=\u00a0\u00bb4.27.5&Prime; _module_preset=\u00a0\u00bbdefault\u00a0\u00bb text_font=\u00a0\u00bb|600|||||||\u00a0\u00bb text_text_color=\u00a0\u00bb#2b2b2b\u00a0\u00bb text_line_height=\u00a0\u00bb1.4em\u00a0\u00bb text_orientation=\u00a0\u00bbcenter\u00a0\u00bb global_colors_info=\u00a0\u00bb{}\u00a0\u00bb]<\/p>\n<p>Alexandre Bernard<\/p>\n<p>[\/et_pb_text][\/et_pb_column][et_pb_column type=\u00a0\u00bb1_6&Prime; _builder_version=\u00a0\u00bb4.27.5&Prime; _module_preset=\u00a0\u00bbdefault\u00a0\u00bb global_colors_info=\u00a0\u00bb{}\u00a0\u00bb][et_pb_image src=\u00a0\u00bbhttp:\/\/vernondemain.fr\/wp-content\/uploads\/2026\/02\/alexandre-b.webp\u00a0\u00bb title_text=\u00a0\u00bbalexandre\u00a0\u00bb _builder_version=\u00a0\u00bb4.27.5&Prime; _module_preset=\u00a0\u00bbdefault\u00a0\u00bb max_width_tablet=\u00a0\u00bb\u00a0\u00bb max_width_phone=\u00a0\u00bb220px\u00a0\u00bb max_width_last_edited=\u00a0\u00bbon|phone\u00a0\u00bb module_alignment=\u00a0\u00bbcenter\u00a0\u00bb custom_margin=\u00a0\u00bb||22px|||\u00a0\u00bb border_radii=\u00a0\u00bbon|500px|500px|500px|500px\u00a0\u00bb global_colors_info=\u00a0\u00bb{}\u00a0\u00bb][\/et_pb_image][et_pb_text _builder_version=\u00a0\u00bb4.27.5&Prime; _module_preset=\u00a0\u00bbdefault\u00a0\u00bb text_font=\u00a0\u00bb|600|||||||\u00a0\u00bb text_text_color=\u00a0\u00bb#2b2b2b\u00a0\u00bb text_line_height=\u00a0\u00bb1.4em\u00a0\u00bb text_orientation=\u00a0\u00bbcenter\u00a0\u00bb global_colors_info=\u00a0\u00bb{}\u00a0\u00bb]<\/p>\n<p>Alexandre Besseyrias<\/p>\n<p>[\/et_pb_text][\/et_pb_column][et_pb_column type=\u00a0\u00bb1_6&Prime; _builder_version=\u00a0\u00bb4.27.5&Prime; _module_preset=\u00a0\u00bbdefault\u00a0\u00bb global_colors_info=\u00a0\u00bb{}\u00a0\u00bb][et_pb_image src=\u00a0\u00bbhttp:\/\/vernondemain.fr\/wp-content\/uploads\/2026\/02\/Gabrielle-Bavay.webp\u00a0\u00bb title_text=\u00a0\u00bbGabrielle Bavay\u00a0\u00bb _builder_version=\u00a0\u00bb4.27.5&Prime; _module_preset=\u00a0\u00bbdefault\u00a0\u00bb max_width_tablet=\u00a0\u00bb\u00a0\u00bb max_width_phone=\u00a0\u00bb220px\u00a0\u00bb max_width_last_edited=\u00a0\u00bbon|phone\u00a0\u00bb module_alignment=\u00a0\u00bbcenter\u00a0\u00bb custom_margin=\u00a0\u00bb||22px|||\u00a0\u00bb border_radii=\u00a0\u00bbon|500px|500px|500px|500px\u00a0\u00bb global_colors_info=\u00a0\u00bb{}\u00a0\u00bb][\/et_pb_image][et_pb_text _builder_version=\u00a0\u00bb4.27.5&Prime; _module_preset=\u00a0\u00bbdefault\u00a0\u00bb text_font=\u00a0\u00bb|600|||||||\u00a0\u00bb text_text_color=\u00a0\u00bb#2b2b2b\u00a0\u00bb text_line_height=\u00a0\u00bb1.4em\u00a0\u00bb text_orientation=\u00a0\u00bbcenter\u00a0\u00bb global_colors_info=\u00a0\u00bb{}\u00a0\u00bb]<\/p>\n<p>Gabrielle Bavay<\/p>\n<p>[\/et_pb_text][\/et_pb_column][et_pb_column type=\u00a0\u00bb1_6&Prime; _builder_version=\u00a0\u00bb4.27.5&Prime; _module_preset=\u00a0\u00bbdefault\u00a0\u00bb global_colors_info=\u00a0\u00bb{}\u00a0\u00bb][et_pb_image src=\u00a0\u00bbhttp:\/\/vernondemain.fr\/wp-content\/uploads\/2026\/03\/Philippe-Caisso.webp\u00a0\u00bb title_text=\u00a0\u00bbPhilippe Caisso\u00a0\u00bb _builder_version=\u00a0\u00bb4.27.6&Prime; _module_preset=\u00a0\u00bbdefault\u00a0\u00bb max_width_tablet=\u00a0\u00bb\u00a0\u00bb max_width_phone=\u00a0\u00bb220px\u00a0\u00bb max_width_last_edited=\u00a0\u00bbon|phone\u00a0\u00bb module_alignment=\u00a0\u00bbcenter\u00a0\u00bb custom_margin=\u00a0\u00bb||22px|||\u00a0\u00bb border_radii=\u00a0\u00bbon|500px|500px|500px|500px\u00a0\u00bb global_colors_info=\u00a0\u00bb{}\u00a0\u00bb][\/et_pb_image][et_pb_text _builder_version=\u00a0\u00bb4.27.5&Prime; _module_preset=\u00a0\u00bbdefault\u00a0\u00bb text_font=\u00a0\u00bb|600|||||||\u00a0\u00bb text_text_color=\u00a0\u00bb#2b2b2b\u00a0\u00bb text_line_height=\u00a0\u00bb1.4em\u00a0\u00bb text_orientation=\u00a0\u00bbcenter\u00a0\u00bb global_colors_info=\u00a0\u00bb{}\u00a0\u00bb]<\/p>\n<p>Philippe Caisso<\/p>\n<p>[\/et_pb_text][\/et_pb_column][et_pb_column type=\u00a0\u00bb1_6&Prime; _builder_version=\u00a0\u00bb4.27.5&Prime; _module_preset=\u00a0\u00bbdefault\u00a0\u00bb global_colors_info=\u00a0\u00bb{}\u00a0\u00bb][et_pb_image src=\u00a0\u00bbhttp:\/\/vernondemain.fr\/wp-content\/uploads\/2026\/02\/colistier.webp\u00a0\u00bb title_text=\u00a0\u00bbalexandre\u00a0\u00bb _builder_version=\u00a0\u00bb4.27.5&Prime; _module_preset=\u00a0\u00bbdefault\u00a0\u00bb max_width_tablet=\u00a0\u00bb\u00a0\u00bb max_width_phone=\u00a0\u00bb220px\u00a0\u00bb max_width_last_edited=\u00a0\u00bbon|phone\u00a0\u00bb module_alignment=\u00a0\u00bbcenter\u00a0\u00bb custom_margin=\u00a0\u00bb||22px|||\u00a0\u00bb border_radii=\u00a0\u00bbon|500px|500px|500px|500px\u00a0\u00bb global_colors_info=\u00a0\u00bb{}\u00a0\u00bb][\/et_pb_image][et_pb_text _builder_version=\u00a0\u00bb4.27.5&Prime; _module_preset=\u00a0\u00bbdefault\u00a0\u00bb text_font=\u00a0\u00bb|600|||||||\u00a0\u00bb text_text_color=\u00a0\u00bb#2b2b2b\u00a0\u00bb text_line_height=\u00a0\u00bb1.4em\u00a0\u00bb text_orientation=\u00a0\u00bbcenter\u00a0\u00bb global_colors_info=\u00a0\u00bb{}\u00a0\u00bb]<\/p>\n<p>Emmanuel Colletis<\/p>\n<p>[\/et_pb_text][\/et_pb_column][\/et_pb_row][et_pb_row column_structure=\u00a0\u00bb1_6,1_6,1_6,1_6,1_6,1_6&Prime; _builder_version=\u00a0\u00bb4.27.5&Prime; _module_preset=\u00a0\u00bbdefault\u00a0\u00bb global_colors_info=\u00a0\u00bb{}\u00a0\u00bb][et_pb_column type=\u00a0\u00bb1_6&Prime; _builder_version=\u00a0\u00bb4.27.5&Prime; _module_preset=\u00a0\u00bbdefault\u00a0\u00bb global_colors_info=\u00a0\u00bb{}\u00a0\u00bb][et_pb_image src=\u00a0\u00bbhttp:\/\/vernondemain.fr\/wp-content\/uploads\/2026\/02\/Berenice-Corret.webp\u00a0\u00bb title_text=\u00a0\u00bbBe\u0301re\u0301nice Corret\u00a0\u00bb _builder_version=\u00a0\u00bb4.27.5&Prime; _module_preset=\u00a0\u00bbdefault\u00a0\u00bb max_width_tablet=\u00a0\u00bb\u00a0\u00bb max_width_phone=\u00a0\u00bb220px\u00a0\u00bb max_width_last_edited=\u00a0\u00bbon|phone\u00a0\u00bb module_alignment=\u00a0\u00bbcenter\u00a0\u00bb custom_margin=\u00a0\u00bb||22px|||\u00a0\u00bb border_radii=\u00a0\u00bbon|500px|500px|500px|500px\u00a0\u00bb global_colors_info=\u00a0\u00bb{}\u00a0\u00bb][\/et_pb_image][et_pb_text _builder_version=\u00a0\u00bb4.27.5&Prime; _module_preset=\u00a0\u00bbdefault\u00a0\u00bb text_font=\u00a0\u00bb|600|||||||\u00a0\u00bb text_text_color=\u00a0\u00bb#2b2b2b\u00a0\u00bb text_line_height=\u00a0\u00bb1.4em\u00a0\u00bb text_orientation=\u00a0\u00bbcenter\u00a0\u00bb global_colors_info=\u00a0\u00bb{}\u00a0\u00bb]<\/p>\n<p>B\u00e9r\u00e9nice Corret<\/p>\n<p>[\/et_pb_text][\/et_pb_column][et_pb_column type=\u00a0\u00bb1_6&Prime; _builder_version=\u00a0\u00bb4.27.5&Prime; _module_preset=\u00a0\u00bbdefault\u00a0\u00bb global_colors_info=\u00a0\u00bb{}\u00a0\u00bb][et_pb_image src=\u00a0\u00bbhttp:\/\/vernondemain.fr\/wp-content\/uploads\/2026\/03\/Charlotte-de-Labrouhe.webp\u00a0\u00bb title_text=\u00a0\u00bbCharlotte de Labrouhe\u00a0\u00bb _builder_version=\u00a0\u00bb4.27.6&Prime; _module_preset=\u00a0\u00bbdefault\u00a0\u00bb max_width_tablet=\u00a0\u00bb\u00a0\u00bb max_width_phone=\u00a0\u00bb220px\u00a0\u00bb max_width_last_edited=\u00a0\u00bbon|phone\u00a0\u00bb module_alignment=\u00a0\u00bbcenter\u00a0\u00bb custom_margin=\u00a0\u00bb||22px|||\u00a0\u00bb hover_enabled=\u00a0\u00bb0&Prime; border_radii=\u00a0\u00bbon|500px|500px|500px|500px\u00a0\u00bb global_colors_info=\u00a0\u00bb{}\u00a0\u00bb sticky_enabled=\u00a0\u00bb0&Prime;][\/et_pb_image][et_pb_text _builder_version=\u00a0\u00bb4.27.5&Prime; _module_preset=\u00a0\u00bbdefault\u00a0\u00bb text_font=\u00a0\u00bb|600|||||||\u00a0\u00bb text_text_color=\u00a0\u00bb#2b2b2b\u00a0\u00bb text_line_height=\u00a0\u00bb1.4em\u00a0\u00bb text_orientation=\u00a0\u00bbcenter\u00a0\u00bb global_colors_info=\u00a0\u00bb{}\u00a0\u00bb]<\/p>\n<p>Charlotte de Labrouhe<\/p>\n<p>[\/et_pb_text][\/et_pb_column][et_pb_column type=\u00a0\u00bb1_6&Prime; _builder_version=\u00a0\u00bb4.27.5&Prime; _module_preset=\u00a0\u00bbdefault\u00a0\u00bb global_colors_info=\u00a0\u00bb{}\u00a0\u00bb][et_pb_image src=\u00a0\u00bbhttp:\/\/vernondemain.fr\/wp-content\/uploads\/2026\/02\/bruno.webp\u00a0\u00bb title_text=\u00a0\u00bbalexandre\u00a0\u00bb _builder_version=\u00a0\u00bb4.27.5&Prime; _module_preset=\u00a0\u00bbdefault\u00a0\u00bb max_width_tablet=\u00a0\u00bb\u00a0\u00bb max_width_phone=\u00a0\u00bb220px\u00a0\u00bb max_width_last_edited=\u00a0\u00bbon|phone\u00a0\u00bb module_alignment=\u00a0\u00bbcenter\u00a0\u00bb custom_margin=\u00a0\u00bb||22px|||\u00a0\u00bb border_radii=\u00a0\u00bbon|500px|500px|500px|500px\u00a0\u00bb global_colors_info=\u00a0\u00bb{}\u00a0\u00bb][\/et_pb_image][et_pb_text _builder_version=\u00a0\u00bb4.27.5&Prime; _module_preset=\u00a0\u00bbdefault\u00a0\u00bb text_font=\u00a0\u00bb|600|||||||\u00a0\u00bb text_text_color=\u00a0\u00bb#2b2b2b\u00a0\u00bb text_line_height=\u00a0\u00bb1.4em\u00a0\u00bb text_orientation=\u00a0\u00bbcenter\u00a0\u00bb global_colors_info=\u00a0\u00bb{}\u00a0\u00bb]<\/p>\n<p>Bruno Delhom<\/p>\n<p>[\/et_pb_text][\/et_pb_column][et_pb_column type=\u00a0\u00bb1_6&Prime; _builder_version=\u00a0\u00bb4.27.5&Prime; _module_preset=\u00a0\u00bbdefault\u00a0\u00bb global_colors_info=\u00a0\u00bb{}\u00a0\u00bb][et_pb_image src=\u00a0\u00bbhttp:\/\/vernondemain.fr\/wp-content\/uploads\/2026\/03\/Gilles-Demange.webp\u00a0\u00bb title_text=\u00a0\u00bbGilles Demange\u00a0\u00bb _builder_version=\u00a0\u00bb4.27.6&Prime; _module_preset=\u00a0\u00bbdefault\u00a0\u00bb max_width_tablet=\u00a0\u00bb\u00a0\u00bb max_width_phone=\u00a0\u00bb220px\u00a0\u00bb max_width_last_edited=\u00a0\u00bbon|phone\u00a0\u00bb module_alignment=\u00a0\u00bbcenter\u00a0\u00bb custom_margin=\u00a0\u00bb||22px|||\u00a0\u00bb border_radii=\u00a0\u00bbon|500px|500px|500px|500px\u00a0\u00bb global_colors_info=\u00a0\u00bb{}\u00a0\u00bb][\/et_pb_image][et_pb_text _builder_version=\u00a0\u00bb4.27.5&Prime; _module_preset=\u00a0\u00bbdefault\u00a0\u00bb text_font=\u00a0\u00bb|600|||||||\u00a0\u00bb text_text_color=\u00a0\u00bb#2b2b2b\u00a0\u00bb text_line_height=\u00a0\u00bb1.4em\u00a0\u00bb text_orientation=\u00a0\u00bbcenter\u00a0\u00bb global_colors_info=\u00a0\u00bb{}\u00a0\u00bb]<\/p>\n<p>Gilles Demange<\/p>\n<p>[\/et_pb_text][\/et_pb_column][et_pb_column type=\u00a0\u00bb1_6&Prime; _builder_version=\u00a0\u00bb4.27.5&Prime; _module_preset=\u00a0\u00bbdefault\u00a0\u00bb global_colors_info=\u00a0\u00bb{}\u00a0\u00bb][et_pb_image src=\u00a0\u00bbhttp:\/\/vernondemain.fr\/wp-content\/uploads\/2026\/02\/Alexandre-Desessart.webp\u00a0\u00bb title_text=\u00a0\u00bbAlexandre Desessart\u00a0\u00bb _builder_version=\u00a0\u00bb4.27.5&Prime; _module_preset=\u00a0\u00bbdefault\u00a0\u00bb max_width_tablet=\u00a0\u00bb\u00a0\u00bb max_width_phone=\u00a0\u00bb220px\u00a0\u00bb max_width_last_edited=\u00a0\u00bbon|phone\u00a0\u00bb module_alignment=\u00a0\u00bbcenter\u00a0\u00bb custom_margin=\u00a0\u00bb||22px|||\u00a0\u00bb border_radii=\u00a0\u00bbon|500px|500px|500px|500px\u00a0\u00bb global_colors_info=\u00a0\u00bb{}\u00a0\u00bb][\/et_pb_image][et_pb_text _builder_version=\u00a0\u00bb4.27.5&Prime; _module_preset=\u00a0\u00bbdefault\u00a0\u00bb text_font=\u00a0\u00bb|600|||||||\u00a0\u00bb text_text_color=\u00a0\u00bb#2b2b2b\u00a0\u00bb text_line_height=\u00a0\u00bb1.4em\u00a0\u00bb text_orientation=\u00a0\u00bbcenter\u00a0\u00bb global_colors_info=\u00a0\u00bb{}\u00a0\u00bb]<\/p>\n<p>Alexandre Desessart<\/p>\n<p>[\/et_pb_text][\/et_pb_column][et_pb_column type=\u00a0\u00bb1_6&Prime; _builder_version=\u00a0\u00bb4.27.5&Prime; _module_preset=\u00a0\u00bbdefault\u00a0\u00bb global_colors_info=\u00a0\u00bb{}\u00a0\u00bb][et_pb_image src=\u00a0\u00bbhttp:\/\/vernondemain.fr\/wp-content\/uploads\/2026\/02\/laura.webp\u00a0\u00bb title_text=\u00a0\u00bbalexandre\u00a0\u00bb _builder_version=\u00a0\u00bb4.27.5&Prime; _module_preset=\u00a0\u00bbdefault\u00a0\u00bb max_width_tablet=\u00a0\u00bb\u00a0\u00bb max_width_phone=\u00a0\u00bb220px\u00a0\u00bb max_width_last_edited=\u00a0\u00bbon|phone\u00a0\u00bb module_alignment=\u00a0\u00bbcenter\u00a0\u00bb custom_margin=\u00a0\u00bb||22px|||\u00a0\u00bb border_radii=\u00a0\u00bbon|500px|500px|500px|500px\u00a0\u00bb global_colors_info=\u00a0\u00bb{}\u00a0\u00bb][\/et_pb_image][et_pb_text _builder_version=\u00a0\u00bb4.27.5&Prime; _module_preset=\u00a0\u00bbdefault\u00a0\u00bb text_font=\u00a0\u00bb|600|||||||\u00a0\u00bb text_text_color=\u00a0\u00bb#2b2b2b\u00a0\u00bb text_line_height=\u00a0\u00bb1.4em\u00a0\u00bb text_orientation=\u00a0\u00bbcenter\u00a0\u00bb global_colors_info=\u00a0\u00bb{}\u00a0\u00bb]<\/p>\n<p>Laura Di Patrizio<\/p>\n<p>[\/et_pb_text][\/et_pb_column][\/et_pb_row][et_pb_row column_structure=\u00a0\u00bb1_6,1_6,1_6,1_6,1_6,1_6&Prime; _builder_version=\u00a0\u00bb4.27.5&Prime; _module_preset=\u00a0\u00bbdefault\u00a0\u00bb custom_padding=\u00a0\u00bb||14px|||\u00a0\u00bb global_colors_info=\u00a0\u00bb{}\u00a0\u00bb][et_pb_column type=\u00a0\u00bb1_6&Prime; _builder_version=\u00a0\u00bb4.27.5&Prime; _module_preset=\u00a0\u00bbdefault\u00a0\u00bb global_colors_info=\u00a0\u00bb{}\u00a0\u00bb][et_pb_image src=\u00a0\u00bbhttp:\/\/vernondemain.fr\/wp-content\/uploads\/2026\/03\/Sarah-Dubien.webp\u00a0\u00bb title_text=\u00a0\u00bbSarah Dubien\u00a0\u00bb _builder_version=\u00a0\u00bb4.27.6&Prime; _module_preset=\u00a0\u00bbdefault\u00a0\u00bb max_width_tablet=\u00a0\u00bb\u00a0\u00bb max_width_phone=\u00a0\u00bb220px\u00a0\u00bb max_width_last_edited=\u00a0\u00bbon|phone\u00a0\u00bb module_alignment=\u00a0\u00bbcenter\u00a0\u00bb custom_margin=\u00a0\u00bb||22px|||\u00a0\u00bb border_radii=\u00a0\u00bbon|500px|500px|500px|500px\u00a0\u00bb global_colors_info=\u00a0\u00bb{}\u00a0\u00bb][\/et_pb_image][et_pb_text _builder_version=\u00a0\u00bb4.27.5&Prime; _module_preset=\u00a0\u00bbdefault\u00a0\u00bb text_font=\u00a0\u00bb|600|||||||\u00a0\u00bb text_text_color=\u00a0\u00bb#2b2b2b\u00a0\u00bb text_line_height=\u00a0\u00bb1.4em\u00a0\u00bb text_orientation=\u00a0\u00bbcenter\u00a0\u00bb global_colors_info=\u00a0\u00bb{}\u00a0\u00bb]<\/p>\n<p>Sarah Dubien<\/p>\n<p>[\/et_pb_text][\/et_pb_column][et_pb_column type=\u00a0\u00bb1_6&Prime; _builder_version=\u00a0\u00bb4.27.5&Prime; _module_preset=\u00a0\u00bbdefault\u00a0\u00bb global_colors_info=\u00a0\u00bb{}\u00a0\u00bb][et_pb_image src=\u00a0\u00bbhttp:\/\/vernondemain.fr\/wp-content\/uploads\/2026\/02\/Nathalie-Estevenin.webp\u00a0\u00bb title_text=\u00a0\u00bbNathalie Este\u0301venin\u00a0\u00bb _builder_version=\u00a0\u00bb4.27.5&Prime; _module_preset=\u00a0\u00bbdefault\u00a0\u00bb max_width_tablet=\u00a0\u00bb\u00a0\u00bb max_width_phone=\u00a0\u00bb220px\u00a0\u00bb max_width_last_edited=\u00a0\u00bbon|phone\u00a0\u00bb module_alignment=\u00a0\u00bbcenter\u00a0\u00bb custom_margin=\u00a0\u00bb||22px|||\u00a0\u00bb border_radii=\u00a0\u00bbon|500px|500px|500px|500px\u00a0\u00bb global_colors_info=\u00a0\u00bb{}\u00a0\u00bb][\/et_pb_image][et_pb_text _builder_version=\u00a0\u00bb4.27.5&Prime; _module_preset=\u00a0\u00bbdefault\u00a0\u00bb text_font=\u00a0\u00bb|600|||||||\u00a0\u00bb text_text_color=\u00a0\u00bb#2b2b2b\u00a0\u00bb text_line_height=\u00a0\u00bb1.4em\u00a0\u00bb text_orientation=\u00a0\u00bbcenter\u00a0\u00bb global_colors_info=\u00a0\u00bb{}\u00a0\u00bb]<\/p>\n<p>Nathalie Est\u00e9venin<\/p>\n<p>[\/et_pb_text][\/et_pb_column][et_pb_column type=\u00a0\u00bb1_6&Prime; _builder_version=\u00a0\u00bb4.27.5&Prime; _module_preset=\u00a0\u00bbdefault\u00a0\u00bb global_colors_info=\u00a0\u00bb{}\u00a0\u00bb][et_pb_image src=\u00a0\u00bbhttp:\/\/vernondemain.fr\/wp-content\/uploads\/2026\/02\/Stephane-Garreau.webp\u00a0\u00bb title_text=\u00a0\u00bbSte\u0301phane Garreau\u00a0\u00bb _builder_version=\u00a0\u00bb4.27.5&Prime; _module_preset=\u00a0\u00bbdefault\u00a0\u00bb max_width_tablet=\u00a0\u00bb\u00a0\u00bb max_width_phone=\u00a0\u00bb220px\u00a0\u00bb max_width_last_edited=\u00a0\u00bbon|phone\u00a0\u00bb module_alignment=\u00a0\u00bbcenter\u00a0\u00bb custom_margin=\u00a0\u00bb||22px|||\u00a0\u00bb border_radii=\u00a0\u00bbon|500px|500px|500px|500px\u00a0\u00bb global_colors_info=\u00a0\u00bb{}\u00a0\u00bb][\/et_pb_image][et_pb_text _builder_version=\u00a0\u00bb4.27.5&Prime; _module_preset=\u00a0\u00bbdefault\u00a0\u00bb text_font=\u00a0\u00bb|600|||||||\u00a0\u00bb text_text_color=\u00a0\u00bb#2b2b2b\u00a0\u00bb text_line_height=\u00a0\u00bb1.4em\u00a0\u00bb text_orientation=\u00a0\u00bbcenter\u00a0\u00bb global_colors_info=\u00a0\u00bb{}\u00a0\u00bb]<\/p>\n<p>Ste\u0301phane Garreau<\/p>\n<p>[\/et_pb_text][\/et_pb_column][et_pb_column type=\u00a0\u00bb1_6&Prime; _builder_version=\u00a0\u00bb4.27.5&Prime; _module_preset=\u00a0\u00bbdefault\u00a0\u00bb global_colors_info=\u00a0\u00bb{}\u00a0\u00bb][et_pb_image src=\u00a0\u00bbhttp:\/\/vernondemain.fr\/wp-content\/uploads\/2026\/02\/Denis-Gasiglia.webp\u00a0\u00bb title_text=\u00a0\u00bbDenis Gasiglia\u00a0\u00bb _builder_version=\u00a0\u00bb4.27.5&Prime; _module_preset=\u00a0\u00bbdefault\u00a0\u00bb max_width_tablet=\u00a0\u00bb\u00a0\u00bb max_width_phone=\u00a0\u00bb220px\u00a0\u00bb max_width_last_edited=\u00a0\u00bbon|phone\u00a0\u00bb module_alignment=\u00a0\u00bbcenter\u00a0\u00bb custom_margin=\u00a0\u00bb||22px|||\u00a0\u00bb border_radii=\u00a0\u00bbon|500px|500px|500px|500px\u00a0\u00bb global_colors_info=\u00a0\u00bb{}\u00a0\u00bb][\/et_pb_image][et_pb_text _builder_version=\u00a0\u00bb4.27.5&Prime; _module_preset=\u00a0\u00bbdefault\u00a0\u00bb text_font=\u00a0\u00bb|600|||||||\u00a0\u00bb text_text_color=\u00a0\u00bb#2b2b2b\u00a0\u00bb text_line_height=\u00a0\u00bb1.4em\u00a0\u00bb text_orientation=\u00a0\u00bbcenter\u00a0\u00bb global_colors_info=\u00a0\u00bb{}\u00a0\u00bb]<\/p>\n<p>Denis Gasiglia<\/p>\n<p>[\/et_pb_text][\/et_pb_column][et_pb_column type=\u00a0\u00bb1_6&Prime; _builder_version=\u00a0\u00bb4.27.5&Prime; _module_preset=\u00a0\u00bbdefault\u00a0\u00bb global_colors_info=\u00a0\u00bb{}\u00a0\u00bb][et_pb_image src=\u00a0\u00bbhttp:\/\/vernondemain.fr\/wp-content\/uploads\/2026\/02\/Pierre-Yves-Jourdain.webp\u00a0\u00bb title_text=\u00a0\u00bbPierre-Yves Jourdain\u00a0\u00bb _builder_version=\u00a0\u00bb4.27.5&Prime; _module_preset=\u00a0\u00bbdefault\u00a0\u00bb max_width_tablet=\u00a0\u00bb\u00a0\u00bb max_width_phone=\u00a0\u00bb220px\u00a0\u00bb max_width_last_edited=\u00a0\u00bbon|phone\u00a0\u00bb module_alignment=\u00a0\u00bbcenter\u00a0\u00bb custom_margin=\u00a0\u00bb||22px|||\u00a0\u00bb border_radii=\u00a0\u00bbon|500px|500px|500px|500px\u00a0\u00bb global_colors_info=\u00a0\u00bb{}\u00a0\u00bb][\/et_pb_image][et_pb_text _builder_version=\u00a0\u00bb4.27.5&Prime; _module_preset=\u00a0\u00bbdefault\u00a0\u00bb text_font=\u00a0\u00bb|600|||||||\u00a0\u00bb text_text_color=\u00a0\u00bb#2b2b2b\u00a0\u00bb text_line_height=\u00a0\u00bb1.4em\u00a0\u00bb text_orientation=\u00a0\u00bbcenter\u00a0\u00bb global_colors_info=\u00a0\u00bb{}\u00a0\u00bb]<\/p>\n<p>Pierre-Yves Jourdain<\/p>\n<p>[\/et_pb_text][\/et_pb_column][et_pb_column type=\u00a0\u00bb1_6&Prime; _builder_version=\u00a0\u00bb4.27.5&Prime; _module_preset=\u00a0\u00bbdefault\u00a0\u00bb global_colors_info=\u00a0\u00bb{}\u00a0\u00bb][et_pb_image src=\u00a0\u00bbhttp:\/\/vernondemain.fr\/wp-content\/uploads\/2026\/03\/Heloise-Lancelot.webp\u00a0\u00bb title_text=\u00a0\u00bbHeloi\u0308se Lancelot\u00a0\u00bb _builder_version=\u00a0\u00bb4.27.6&Prime; _module_preset=\u00a0\u00bbdefault\u00a0\u00bb max_width_tablet=\u00a0\u00bb\u00a0\u00bb max_width_phone=\u00a0\u00bb220px\u00a0\u00bb max_width_last_edited=\u00a0\u00bbon|phone\u00a0\u00bb module_alignment=\u00a0\u00bbcenter\u00a0\u00bb custom_margin=\u00a0\u00bb||22px|||\u00a0\u00bb border_radii=\u00a0\u00bbon|500px|500px|500px|500px\u00a0\u00bb border_width_all=\u00a0\u00bb1px\u00a0\u00bb border_color_all=\u00a0\u00bb#ededed\u00a0\u00bb global_colors_info=\u00a0\u00bb{}\u00a0\u00bb][\/et_pb_image][et_pb_text _builder_version=\u00a0\u00bb4.27.5&Prime; _module_preset=\u00a0\u00bbdefault\u00a0\u00bb text_font=\u00a0\u00bb|600|||||||\u00a0\u00bb text_text_color=\u00a0\u00bb#2b2b2b\u00a0\u00bb text_line_height=\u00a0\u00bb1.4em\u00a0\u00bb text_orientation=\u00a0\u00bbcenter\u00a0\u00bb global_colors_info=\u00a0\u00bb{}\u00a0\u00bb]<\/p>\n<p>Heloi\u0308se Lancelot<\/p>\n<p>[\/et_pb_text][\/et_pb_column][\/et_pb_row][et_pb_row column_structure=\u00a0\u00bb1_6,1_6,1_6,1_6,1_6,1_6&Prime; _builder_version=\u00a0\u00bb4.27.5&Prime; _module_preset=\u00a0\u00bbdefault\u00a0\u00bb custom_padding=\u00a0\u00bb||14px|||\u00a0\u00bb global_colors_info=\u00a0\u00bb{}\u00a0\u00bb][et_pb_column type=\u00a0\u00bb1_6&Prime; _builder_version=\u00a0\u00bb4.27.5&Prime; _module_preset=\u00a0\u00bbdefault\u00a0\u00bb global_colors_info=\u00a0\u00bb{}\u00a0\u00bb][et_pb_image src=\u00a0\u00bbhttp:\/\/vernondemain.fr\/wp-content\/uploads\/2026\/02\/jean-luc.webp\u00a0\u00bb title_text=\u00a0\u00bbalexandre\u00a0\u00bb _builder_version=\u00a0\u00bb4.27.5&Prime; _module_preset=\u00a0\u00bbdefault\u00a0\u00bb max_width_tablet=\u00a0\u00bb\u00a0\u00bb max_width_phone=\u00a0\u00bb220px\u00a0\u00bb max_width_last_edited=\u00a0\u00bbon|phone\u00a0\u00bb module_alignment=\u00a0\u00bbcenter\u00a0\u00bb custom_margin=\u00a0\u00bb||22px|||\u00a0\u00bb border_radii=\u00a0\u00bbon|500px|500px|500px|500px\u00a0\u00bb global_colors_info=\u00a0\u00bb{}\u00a0\u00bb][\/et_pb_image][et_pb_text _builder_version=\u00a0\u00bb4.27.5&Prime; _module_preset=\u00a0\u00bbdefault\u00a0\u00bb text_font=\u00a0\u00bb|600|||||||\u00a0\u00bb text_text_color=\u00a0\u00bb#2b2b2b\u00a0\u00bb text_line_height=\u00a0\u00bb1.4em\u00a0\u00bb text_orientation=\u00a0\u00bbcenter\u00a0\u00bb global_colors_info=\u00a0\u00bb{}\u00a0\u00bb]<\/p>\n<p>Jean-Luc Lecomte<\/p>\n<p>[\/et_pb_text][\/et_pb_column][et_pb_column type=\u00a0\u00bb1_6&Prime; _builder_version=\u00a0\u00bb4.27.5&Prime; _module_preset=\u00a0\u00bbdefault\u00a0\u00bb global_colors_info=\u00a0\u00bb{}\u00a0\u00bb][et_pb_image src=\u00a0\u00bbhttp:\/\/vernondemain.fr\/wp-content\/uploads\/2026\/02\/annick.webp\u00a0\u00bb title_text=\u00a0\u00bbalexandre\u00a0\u00bb _builder_version=\u00a0\u00bb4.27.5&Prime; _module_preset=\u00a0\u00bbdefault\u00a0\u00bb max_width_tablet=\u00a0\u00bb\u00a0\u00bb max_width_phone=\u00a0\u00bb220px\u00a0\u00bb max_width_last_edited=\u00a0\u00bbon|phone\u00a0\u00bb module_alignment=\u00a0\u00bbcenter\u00a0\u00bb custom_margin=\u00a0\u00bb||22px|||\u00a0\u00bb border_radii=\u00a0\u00bbon|500px|500px|500px|500px\u00a0\u00bb global_colors_info=\u00a0\u00bb{}\u00a0\u00bb][\/et_pb_image][et_pb_text _builder_version=\u00a0\u00bb4.27.5&Prime; _module_preset=\u00a0\u00bbdefault\u00a0\u00bb text_font=\u00a0\u00bb|600|||||||\u00a0\u00bb text_text_color=\u00a0\u00bb#2b2b2b\u00a0\u00bb text_line_height=\u00a0\u00bb1.4em\u00a0\u00bb text_orientation=\u00a0\u00bbcenter\u00a0\u00bb global_colors_info=\u00a0\u00bb{}\u00a0\u00bb]<\/p>\n<p>Annick Le Gac<\/p>\n<p>[\/et_pb_text][\/et_pb_column][et_pb_column type=\u00a0\u00bb1_6&Prime; _builder_version=\u00a0\u00bb4.27.5&Prime; _module_preset=\u00a0\u00bbdefault\u00a0\u00bb global_colors_info=\u00a0\u00bb{}\u00a0\u00bb][et_pb_image src=\u00a0\u00bbhttp:\/\/vernondemain.fr\/wp-content\/uploads\/2026\/02\/brigitte.webp\u00a0\u00bb title_text=\u00a0\u00bbalexandre\u00a0\u00bb _builder_version=\u00a0\u00bb4.27.5&Prime; _module_preset=\u00a0\u00bbdefault\u00a0\u00bb max_width_tablet=\u00a0\u00bb\u00a0\u00bb max_width_phone=\u00a0\u00bb220px\u00a0\u00bb max_width_last_edited=\u00a0\u00bbon|phone\u00a0\u00bb module_alignment=\u00a0\u00bbcenter\u00a0\u00bb custom_margin=\u00a0\u00bb||22px|||\u00a0\u00bb border_radii=\u00a0\u00bbon|500px|500px|500px|500px\u00a0\u00bb global_colors_info=\u00a0\u00bb{}\u00a0\u00bb][\/et_pb_image][et_pb_text _builder_version=\u00a0\u00bb4.27.5&Prime; _module_preset=\u00a0\u00bbdefault\u00a0\u00bb text_font=\u00a0\u00bb|600|||||||\u00a0\u00bb text_text_color=\u00a0\u00bb#2b2b2b\u00a0\u00bb text_line_height=\u00a0\u00bb1.4em\u00a0\u00bb text_orientation=\u00a0\u00bbcenter\u00a0\u00bb global_colors_info=\u00a0\u00bb{}\u00a0\u00bb]<\/p>\n<p>Brigitte Le Saux<\/p>\n<p>[\/et_pb_text][\/et_pb_column][et_pb_column type=\u00a0\u00bb1_6&Prime; _builder_version=\u00a0\u00bb4.27.5&Prime; _module_preset=\u00a0\u00bbdefault\u00a0\u00bb global_colors_info=\u00a0\u00bb{}\u00a0\u00bb][et_pb_image src=\u00a0\u00bbhttp:\/\/vernondemain.fr\/wp-content\/uploads\/2026\/02\/Cosimo-Lisi.webp\u00a0\u00bb title_text=\u00a0\u00bbCosimo Lisi\u00a0\u00bb _builder_version=\u00a0\u00bb4.27.5&Prime; _module_preset=\u00a0\u00bbdefault\u00a0\u00bb max_width_tablet=\u00a0\u00bb\u00a0\u00bb max_width_phone=\u00a0\u00bb220px\u00a0\u00bb max_width_last_edited=\u00a0\u00bbon|phone\u00a0\u00bb module_alignment=\u00a0\u00bbcenter\u00a0\u00bb custom_margin=\u00a0\u00bb||22px|||\u00a0\u00bb border_radii=\u00a0\u00bbon|500px|500px|500px|500px\u00a0\u00bb global_colors_info=\u00a0\u00bb{}\u00a0\u00bb][\/et_pb_image][et_pb_text _builder_version=\u00a0\u00bb4.27.5&Prime; _module_preset=\u00a0\u00bbdefault\u00a0\u00bb text_font=\u00a0\u00bb|600|||||||\u00a0\u00bb text_text_color=\u00a0\u00bb#2b2b2b\u00a0\u00bb text_line_height=\u00a0\u00bb1.4em\u00a0\u00bb text_orientation=\u00a0\u00bbcenter\u00a0\u00bb global_colors_info=\u00a0\u00bb{}\u00a0\u00bb]<\/p>\n<p>Cosimo Lisi<\/p>\n<p>[\/et_pb_text][\/et_pb_column][et_pb_column type=\u00a0\u00bb1_6&Prime; _builder_version=\u00a0\u00bb4.27.5&Prime; _module_preset=\u00a0\u00bbdefault\u00a0\u00bb global_colors_info=\u00a0\u00bb{}\u00a0\u00bb][et_pb_image src=\u00a0\u00bbhttp:\/\/vernondemain.fr\/wp-content\/uploads\/2026\/02\/Eric-Luceau.webp\u00a0\u00bb title_text=\u00a0\u00bbEric Luceau\u00a0\u00bb _builder_version=\u00a0\u00bb4.27.5&Prime; _module_preset=\u00a0\u00bbdefault\u00a0\u00bb max_width_tablet=\u00a0\u00bb\u00a0\u00bb max_width_phone=\u00a0\u00bb220px\u00a0\u00bb max_width_last_edited=\u00a0\u00bbon|phone\u00a0\u00bb module_alignment=\u00a0\u00bbcenter\u00a0\u00bb custom_margin=\u00a0\u00bb||22px|||\u00a0\u00bb border_radii=\u00a0\u00bbon|500px|500px|500px|500px\u00a0\u00bb global_colors_info=\u00a0\u00bb{}\u00a0\u00bb][\/et_pb_image][et_pb_text _builder_version=\u00a0\u00bb4.27.5&Prime; _module_preset=\u00a0\u00bbdefault\u00a0\u00bb text_font=\u00a0\u00bb|600|||||||\u00a0\u00bb text_text_color=\u00a0\u00bb#2b2b2b\u00a0\u00bb text_line_height=\u00a0\u00bb1.4em\u00a0\u00bb text_orientation=\u00a0\u00bbcenter\u00a0\u00bb global_colors_info=\u00a0\u00bb{}\u00a0\u00bb]<\/p>\n<p>Eric Luceau<\/p>\n<p>[\/et_pb_text][\/et_pb_column][et_pb_column type=\u00a0\u00bb1_6&Prime; _builder_version=\u00a0\u00bb4.27.5&Prime; _module_preset=\u00a0\u00bbdefault\u00a0\u00bb global_colors_info=\u00a0\u00bb{}\u00a0\u00bb][et_pb_image src=\u00a0\u00bbhttp:\/\/vernondemain.fr\/wp-content\/uploads\/2026\/02\/Chantal-Mathieu.webp\u00a0\u00bb title_text=\u00a0\u00bbChantal Mathieu\u00a0\u00bb _builder_version=\u00a0\u00bb4.27.5&Prime; _module_preset=\u00a0\u00bbdefault\u00a0\u00bb max_width_tablet=\u00a0\u00bb\u00a0\u00bb max_width_phone=\u00a0\u00bb220px\u00a0\u00bb max_width_last_edited=\u00a0\u00bbon|phone\u00a0\u00bb module_alignment=\u00a0\u00bbcenter\u00a0\u00bb custom_margin=\u00a0\u00bb||22px|||\u00a0\u00bb border_radii=\u00a0\u00bbon|500px|500px|500px|500px\u00a0\u00bb global_colors_info=\u00a0\u00bb{}\u00a0\u00bb][\/et_pb_image][et_pb_text _builder_version=\u00a0\u00bb4.27.5&Prime; _module_preset=\u00a0\u00bbdefault\u00a0\u00bb text_font=\u00a0\u00bb|600|||||||\u00a0\u00bb text_text_color=\u00a0\u00bb#2b2b2b\u00a0\u00bb text_line_height=\u00a0\u00bb1.4em\u00a0\u00bb text_orientation=\u00a0\u00bbcenter\u00a0\u00bb global_colors_info=\u00a0\u00bb{}\u00a0\u00bb]<\/p>\n<p>Chantal Mathieu<\/p>\n<p>[\/et_pb_text][\/et_pb_column][\/et_pb_row][et_pb_row column_structure=\u00a0\u00bb1_6,1_6,1_6,1_6,1_6,1_6&Prime; _builder_version=\u00a0\u00bb4.27.6&Prime; _module_preset=\u00a0\u00bbdefault\u00a0\u00bb custom_padding=\u00a0\u00bb||14px|||\u00a0\u00bb hover_enabled=\u00a0\u00bb0&Prime; global_colors_info=\u00a0\u00bb{}\u00a0\u00bb sticky_enabled=\u00a0\u00bb0&Prime;][et_pb_column type=\u00a0\u00bb1_6&Prime; _builder_version=\u00a0\u00bb4.27.5&Prime; _module_preset=\u00a0\u00bbdefault\u00a0\u00bb global_colors_info=\u00a0\u00bb{}\u00a0\u00bb][et_pb_image src=\u00a0\u00bbhttp:\/\/vernondemain.fr\/wp-content\/uploads\/2026\/02\/Regis-Moello.webp\u00a0\u00bb title_text=\u00a0\u00bbRe\u0301gis Moe\u0308llo\u00a0\u00bb _builder_version=\u00a0\u00bb4.27.5&Prime; _module_preset=\u00a0\u00bbdefault\u00a0\u00bb max_width_tablet=\u00a0\u00bb\u00a0\u00bb max_width_phone=\u00a0\u00bb220px\u00a0\u00bb max_width_last_edited=\u00a0\u00bbon|phone\u00a0\u00bb module_alignment=\u00a0\u00bbcenter\u00a0\u00bb custom_margin=\u00a0\u00bb||22px|||\u00a0\u00bb border_radii=\u00a0\u00bbon|500px|500px|500px|500px\u00a0\u00bb border_width_all=\u00a0\u00bb1px\u00a0\u00bb border_color_all=\u00a0\u00bb#ededed\u00a0\u00bb global_colors_info=\u00a0\u00bb{}\u00a0\u00bb][\/et_pb_image][et_pb_text _builder_version=\u00a0\u00bb4.27.5&Prime; _module_preset=\u00a0\u00bbdefault\u00a0\u00bb text_font=\u00a0\u00bb|600|||||||\u00a0\u00bb text_text_color=\u00a0\u00bb#2b2b2b\u00a0\u00bb text_line_height=\u00a0\u00bb1.4em\u00a0\u00bb text_orientation=\u00a0\u00bbcenter\u00a0\u00bb global_colors_info=\u00a0\u00bb{}\u00a0\u00bb]<\/p>\n<p>Re\u0301gis Moe\u0308llo<\/p>\n<p>[\/et_pb_text][\/et_pb_column][et_pb_column type=\u00a0\u00bb1_6&Prime; _builder_version=\u00a0\u00bb4.27.5&Prime; _module_preset=\u00a0\u00bbdefault\u00a0\u00bb global_colors_info=\u00a0\u00bb{}\u00a0\u00bb][et_pb_image src=\u00a0\u00bbhttp:\/\/vernondemain.fr\/wp-content\/uploads\/2026\/02\/Alice-Ormieres.webp\u00a0\u00bb title_text=\u00a0\u00bbAlice Ormie\u0300res\u00a0\u00bb _builder_version=\u00a0\u00bb4.27.5&Prime; _module_preset=\u00a0\u00bbdefault\u00a0\u00bb max_width_tablet=\u00a0\u00bb\u00a0\u00bb max_width_phone=\u00a0\u00bb220px\u00a0\u00bb max_width_last_edited=\u00a0\u00bbon|phone\u00a0\u00bb module_alignment=\u00a0\u00bbcenter\u00a0\u00bb custom_margin=\u00a0\u00bb||22px|||\u00a0\u00bb border_radii=\u00a0\u00bbon|500px|500px|500px|500px\u00a0\u00bb global_colors_info=\u00a0\u00bb{}\u00a0\u00bb][\/et_pb_image][et_pb_text _builder_version=\u00a0\u00bb4.27.5&Prime; _module_preset=\u00a0\u00bbdefault\u00a0\u00bb text_font=\u00a0\u00bb|600|||||||\u00a0\u00bb text_text_color=\u00a0\u00bb#2b2b2b\u00a0\u00bb text_line_height=\u00a0\u00bb1.4em\u00a0\u00bb text_orientation=\u00a0\u00bbcenter\u00a0\u00bb global_colors_info=\u00a0\u00bb{}\u00a0\u00bb]<\/p>\n<p>Alice Ormie\u0300res<\/p>\n<p>[\/et_pb_text][\/et_pb_column][et_pb_column type=\u00a0\u00bb1_6&Prime; _builder_version=\u00a0\u00bb4.27.5&Prime; _module_preset=\u00a0\u00bbdefault\u00a0\u00bb global_colors_info=\u00a0\u00bb{}\u00a0\u00bb][et_pb_image src=\u00a0\u00bbhttp:\/\/vernondemain.fr\/wp-content\/uploads\/2026\/03\/Erick-Philippe.webp\u00a0\u00bb title_text=\u00a0\u00bbErick Philippe\u00a0\u00bb _builder_version=\u00a0\u00bb4.27.6&Prime; _module_preset=\u00a0\u00bbdefault\u00a0\u00bb max_width_tablet=\u00a0\u00bb\u00a0\u00bb max_width_phone=\u00a0\u00bb220px\u00a0\u00bb max_width_last_edited=\u00a0\u00bbon|phone\u00a0\u00bb module_alignment=\u00a0\u00bbcenter\u00a0\u00bb custom_margin=\u00a0\u00bb||22px|||\u00a0\u00bb border_radii=\u00a0\u00bbon|500px|500px|500px|500px\u00a0\u00bb global_colors_info=\u00a0\u00bb{}\u00a0\u00bb][\/et_pb_image][et_pb_text _builder_version=\u00a0\u00bb4.27.5&Prime; _module_preset=\u00a0\u00bbdefault\u00a0\u00bb text_font=\u00a0\u00bb|600|||||||\u00a0\u00bb text_text_color=\u00a0\u00bb#2b2b2b\u00a0\u00bb text_line_height=\u00a0\u00bb1.4em\u00a0\u00bb text_orientation=\u00a0\u00bbcenter\u00a0\u00bb global_colors_info=\u00a0\u00bb{}\u00a0\u00bb]<\/p>\n<p>Erick Philippe<\/p>\n<p>[\/et_pb_text][\/et_pb_column][et_pb_column type=\u00a0\u00bb1_6&Prime; _builder_version=\u00a0\u00bb4.27.5&Prime; _module_preset=\u00a0\u00bbdefault\u00a0\u00bb global_colors_info=\u00a0\u00bb{}\u00a0\u00bb][et_pb_image src=\u00a0\u00bbhttp:\/\/vernondemain.fr\/wp-content\/uploads\/2026\/02\/Chantal-Pichois.webp\u00a0\u00bb title_text=\u00a0\u00bbChantal Pichois\u00a0\u00bb _builder_version=\u00a0\u00bb4.27.5&Prime; _module_preset=\u00a0\u00bbdefault\u00a0\u00bb max_width_tablet=\u00a0\u00bb\u00a0\u00bb max_width_phone=\u00a0\u00bb220px\u00a0\u00bb max_width_last_edited=\u00a0\u00bbon|phone\u00a0\u00bb module_alignment=\u00a0\u00bbcenter\u00a0\u00bb custom_margin=\u00a0\u00bb||22px|||\u00a0\u00bb border_radii=\u00a0\u00bbon|500px|500px|500px|500px\u00a0\u00bb global_colors_info=\u00a0\u00bb{}\u00a0\u00bb][\/et_pb_image][et_pb_text _builder_version=\u00a0\u00bb4.27.5&Prime; _module_preset=\u00a0\u00bbdefault\u00a0\u00bb text_font=\u00a0\u00bb|600|||||||\u00a0\u00bb text_text_color=\u00a0\u00bb#2b2b2b\u00a0\u00bb text_line_height=\u00a0\u00bb1.4em\u00a0\u00bb text_orientation=\u00a0\u00bbcenter\u00a0\u00bb global_colors_info=\u00a0\u00bb{}\u00a0\u00bb]<\/p>\n<p>Chantal Pichois<\/p>\n<p>[\/et_pb_text][\/et_pb_column][et_pb_column type=\u00a0\u00bb1_6&Prime; _builder_version=\u00a0\u00bb4.27.5&Prime; _module_preset=\u00a0\u00bbdefault\u00a0\u00bb global_colors_info=\u00a0\u00bb{}\u00a0\u00bb][et_pb_image src=\u00a0\u00bbhttp:\/\/vernondemain.fr\/wp-content\/uploads\/2026\/02\/Ilknur-Polat-Koc.webp\u00a0\u00bb title_text=\u00a0\u00bbIlknur Polat-Koc\u0327\u00a0\u00bb _builder_version=\u00a0\u00bb4.27.5&Prime; _module_preset=\u00a0\u00bbdefault\u00a0\u00bb max_width_tablet=\u00a0\u00bb\u00a0\u00bb max_width_phone=\u00a0\u00bb220px\u00a0\u00bb max_width_last_edited=\u00a0\u00bbon|phone\u00a0\u00bb module_alignment=\u00a0\u00bbcenter\u00a0\u00bb custom_margin=\u00a0\u00bb||22px|||\u00a0\u00bb border_radii=\u00a0\u00bbon|500px|500px|500px|500px\u00a0\u00bb global_colors_info=\u00a0\u00bb{}\u00a0\u00bb][\/et_pb_image][et_pb_text _builder_version=\u00a0\u00bb4.27.5&Prime; _module_preset=\u00a0\u00bbdefault\u00a0\u00bb text_font=\u00a0\u00bb|600|||||||\u00a0\u00bb text_text_color=\u00a0\u00bb#2b2b2b\u00a0\u00bb text_line_height=\u00a0\u00bb1.4em\u00a0\u00bb text_orientation=\u00a0\u00bbcenter\u00a0\u00bb global_colors_info=\u00a0\u00bb{}\u00a0\u00bb]<\/p>\n<p>Ilknur Polat-Koc\u0327<\/p>\n<p>[\/et_pb_text][\/et_pb_column][et_pb_column type=\u00a0\u00bb1_6&Prime; _builder_version=\u00a0\u00bb4.27.5&Prime; _module_preset=\u00a0\u00bbdefault\u00a0\u00bb global_colors_info=\u00a0\u00bb{}\u00a0\u00bb][et_pb_image src=\u00a0\u00bbhttp:\/\/vernondemain.fr\/wp-content\/uploads\/2026\/02\/charlotte.webp\u00a0\u00bb title_text=\u00a0\u00bbalexandre\u00a0\u00bb _builder_version=\u00a0\u00bb4.27.5&Prime; _module_preset=\u00a0\u00bbdefault\u00a0\u00bb max_width_tablet=\u00a0\u00bb\u00a0\u00bb max_width_phone=\u00a0\u00bb220px\u00a0\u00bb max_width_last_edited=\u00a0\u00bbon|phone\u00a0\u00bb module_alignment=\u00a0\u00bbcenter\u00a0\u00bb custom_margin=\u00a0\u00bb||22px|||\u00a0\u00bb border_radii=\u00a0\u00bbon|500px|500px|500px|500px\u00a0\u00bb global_colors_info=\u00a0\u00bb{}\u00a0\u00bb][\/et_pb_image][et_pb_text _builder_version=\u00a0\u00bb4.27.5&Prime; _module_preset=\u00a0\u00bbdefault\u00a0\u00bb text_font=\u00a0\u00bb|600|||||||\u00a0\u00bb text_text_color=\u00a0\u00bb#2b2b2b\u00a0\u00bb text_line_height=\u00a0\u00bb1.4em\u00a0\u00bb text_orientation=\u00a0\u00bbcenter\u00a0\u00bb global_colors_info=\u00a0\u00bb{}\u00a0\u00bb]<\/p>\n<p>Charlotte Veau<\/p>\n<p>[\/et_pb_text][\/et_pb_column][\/et_pb_row][\/et_pb_section][et_pb_section fb_built=\u00a0\u00bb1&Prime; prev_background_color=\u00a0\u00bb#ffffff\u00a0\u00bb module_id=\u00a0\u00bbtribunes\u00a0\u00bb _builder_version=\u00a0\u00bb4.27.6&Prime; _module_preset=\u00a0\u00bbdefault\u00a0\u00bb background_color=\u00a0\u00bb#f4f4f4&Prime; top_divider_style=\u00a0\u00bbmountains\u00a0\u00bb top_divider_height=\u00a0\u00bb40px\u00a0\u00bb top_divider_repeat=\u00a0\u00bb2x\u00a0\u00bb top_divider_flip=\u00a0\u00bbvertical\u00a0\u00bb global_colors_info=\u00a0\u00bb{}\u00a0\u00bb][et_pb_row column_structure=\u00a0\u00bb3_4,1_4&Prime; _builder_version=\u00a0\u00bb4.27.5&Prime; _module_preset=\u00a0\u00bbdefault\u00a0\u00bb global_colors_info=\u00a0\u00bb{}\u00a0\u00bb][et_pb_column type=\u00a0\u00bb3_4&Prime; _builder_version=\u00a0\u00bb4.27.5&Prime; _module_preset=\u00a0\u00bbdefault\u00a0\u00bb global_colors_info=\u00a0\u00bb{}\u00a0\u00bb][et_pb_text _builder_version=\u00a0\u00bb4.27.5&Prime; _module_preset=\u00a0\u00bbdefault\u00a0\u00bb header_2_text_color=\u00a0\u00bb#5f17eb\u00a0\u00bb global_colors_info=\u00a0\u00bb{}\u00a0\u00bb]<\/p>\n<h2>Les tribunes presse<\/h2>\n<p>Chaque semaine, Vernon Demain r\u00e9pond au journal D\u00e9mocrate vernonnais sur un grand th\u00e8me de la campagne municipale<\/p>\n<p>[\/et_pb_text][\/et_pb_column][et_pb_column type=\u00a0\u00bb1_4&Prime; _builder_version=\u00a0\u00bb4.27.5&Prime; _module_preset=\u00a0\u00bbdefault\u00a0\u00bb global_colors_info=\u00a0\u00bb{}\u00a0\u00bb][et_pb_image src=\u00a0\u00bbhttp:\/\/vernondemain.fr\/wp-content\/uploads\/2026\/02\/logo-ledemocratevernonnais.webp\u00a0\u00bb title_text=\u00a0\u00bblogo-ledemocratevernonnais\u00a0\u00bb _builder_version=\u00a0\u00bb4.27.5&Prime; _module_preset=\u00a0\u00bbdefault\u00a0\u00bb max_width=\u00a0\u00bb140px\u00a0\u00bb module_alignment=\u00a0\u00bbcenter\u00a0\u00bb border_radii=\u00a0\u00bbon|10px|10px|10px|10px\u00a0\u00bb global_colors_info=\u00a0\u00bb{}\u00a0\u00bb][\/et_pb_image][\/et_pb_column][\/et_pb_row][et_pb_row column_structure=\u00a0\u00bb3_5,2_5&Prime; _builder_version=\u00a0\u00bb4.27.5&Prime; _module_preset=\u00a0\u00bbdefault\u00a0\u00bb custom_padding=\u00a0\u00bb0px|||||\u00a0\u00bb global_colors_info=\u00a0\u00bb{}\u00a0\u00bb][et_pb_column type=\u00a0\u00bb3_5&Prime; _builder_version=\u00a0\u00bb4.27.5&Prime; _module_preset=\u00a0\u00bbdefault\u00a0\u00bb global_colors_info=\u00a0\u00bb{}\u00a0\u00bb][et_pb_accordion closed_toggle_background_color=\u00a0\u00bb#ffffff\u00a0\u00bb icon_color=\u00a0\u00bb#06A4AD\u00a0\u00bb use_icon_font_size=\u00a0\u00bbon\u00a0\u00bb icon_font_size=\u00a0\u00bb30px\u00a0\u00bb _builder_version=\u00a0\u00bb4.27.5&Prime; _module_preset=\u00a0\u00bbdefault\u00a0\u00bb toggle_text_color=\u00a0\u00bb#06A4AD\u00a0\u00bb toggle_level=\u00a0\u00bbh3&Prime; toggle_font=\u00a0\u00bb|||on|||||\u00a0\u00bb custom_margin=\u00a0\u00bb||16px|||\u00a0\u00bb global_colors_info=\u00a0\u00bb{}\u00a0\u00bb][et_pb_accordion_item title=\u00a0\u00bbSant\u00e9\u00a0\u00bb open=\u00a0\u00bbon\u00a0\u00bb toggle_icon=\u00a0\u00bb&#xf21e;||fa||900&Prime; _builder_version=\u00a0\u00bb4.27.5&Prime; _module_preset=\u00a0\u00bbdefault\u00a0\u00bb global_colors_info=\u00a0\u00bb{}\u00a0\u00bb]<\/p>\n<p><i>Si vous \u00eates \u00e9lue, quelles mesures souhaiteriez-vous mettre en place pour am\u00e9liorer la situation \u00e0 Vernon ?<\/i><\/p>\n<p>\u00c0 Vernon, avoir un m\u00e9decin traitant, obtenir un rendez-vous dans des d\u00e9lais raisonnables, ou consulter un sp\u00e9cialiste est une v\u00e9ritable \u00e9preuve qui conduit souvent \u00e0 un renoncement aux soins.<\/p>\n<p>Notre priorit\u00e9 est donc la cr\u00e9ation d\u2019un centre municipal de sant\u00e9, reposant sur l\u2019emploi de\u00a0 m\u00e9decins salari\u00e9s par la collectivit\u00e9. Ce mod\u00e8le permet d\u2019offrir des consultations sans d\u00e9passement d\u2019honoraires, avec tiers payant, d\u2019attirer et de fixer sur la commune de jeunes praticiens aujourd\u2019hui \u00e0 la recherche d\u2019un emploi salari\u00e9, avec des conditions d\u2019exercice s\u00e9curisantes. Il garantit une meilleure continuit\u00e9 des soins ainsi qu\u2019un acc\u00e8s \u00e9quitable pour les habitants. Pour \u00eatre efficace, il devra s\u2019accompagner du maintien d\u2019une activit\u00e9 suffisante \u00e0 l\u2019h\u00f4pital de Vernon, incluant\u00a0 des urgences ouvertes 24H\/24, et un service d\u2019accueil p\u00e9diatrique.<\/p>\n<p>Nous d\u00e9fendons aussi une approche globale de la sant\u00e9, en lien \u00e9troit avec l\u2019\u00e9cologie. Les politiques de pr\u00e9vention, la qualit\u00e9 de l\u2019environnement, la r\u00e9duction des pollutions et la promotion d\u2019une alimentation saine et accessible, notamment au sein de la restauration municipale, constituent des investissements durables pour le bien-\u00eatre de la population.<\/p>\n<p>[\/et_pb_accordion_item][et_pb_accordion_item title=\u00a0\u00bbLogement\u00a0\u00bb toggle_icon=\u00a0\u00bb&#xe065;||fa||900&Prime; _builder_version=\u00a0\u00bb4.27.5&Prime; _module_preset=\u00a0\u00bbdefault\u00a0\u00bb global_colors_info=\u00a0\u00bb{}\u00a0\u00bb open=\u00a0\u00bboff\u00a0\u00bb]<\/p>\n<h3><em style=\"font-size: 14px; color: #222222; font-family: 'Open Sans', Helvetica, Arial, Lucida, sans-serif; font-weight: 500;\">Si vous \u00eates \u00e9lue, quelles mesures sont pr\u00e9vues pour am\u00e9liorer la situation du logement \u00e0 Vernon ?<\/em><\/h3>\n<p>Le logement est un droit fondamental indispensable \u00e0 l\u2019exercice de tous les autres. Sans un habitat stable et digne, il est impossible de se projeter, de fonder une famille, d&rsquo;avoir un emploi ou encore de pr\u00e9server sa sant\u00e9.<\/p>\n<p>\u00c0 Vernon, le march\u00e9 immobilier ne suffit pas \u00e0 garantir l\u2019acc\u00e8s \u00e0 un logement d\u00e9cent et abordable. L\u2019offre existante ne correspond ni aux r\u00e9alit\u00e9s familiales actuelles ni aux capacit\u00e9s financi\u00e8res des m\u00e9nages. Le parc de logements sociaux est quant \u00e0 lui insuffisant au regard de la demande, et est pour partie d\u00e9grad\u00e9. Aussi, avec un taux de vacance \u00e9lev\u00e9 (environ 12,5%), de nombreux logements restent inoccup\u00e9s, alors que la demande reste forte.<\/p>\n<p>Face \u00e0 ce constat, la municipalit\u00e9 doit agir pour garantir l\u2019acc\u00e8s \u00e0 un logement digne. Nous engagerons une politique favorisant la cr\u00e9ation de logements sociaux et encouragerons la r\u00e9habilitation du parc existant. Le plan local d\u2019urbanisme sera modifi\u00e9 afin de lutter contre la sp\u00e9culation immobili\u00e8re et favoriser des projets \u00e9cologiques, inclusifs et \u00e0 loyers accessibles. Enfin, nous recourrons \u00e0 la r\u00e9quisition de b\u00e2timents vacants pour r\u00e9pondre en urgence, de mani\u00e8re transitoire, aux besoins des personnes sans logement.<\/p>\n<p>[\/et_pb_accordion_item][et_pb_accordion_item title=\u00a0\u00bb\u00c9ducation\u00a0\u00bb toggle_icon=\u00a0\u00bb&#xf549;||fa||900&Prime; _builder_version=\u00a0\u00bb4.27.5&Prime; _module_preset=\u00a0\u00bbdefault\u00a0\u00bb global_colors_info=\u00a0\u00bb{}\u00a0\u00bb open=\u00a0\u00bboff\u00a0\u00bb]<\/p>\n<p><i>Si vous \u00eates \u00e9lue, quelles mesures souhaiteriez-vous mettre en place pour am\u00e9liorer la situation \u00e0 Vernon ?<\/i><\/p>\n<p><span style=\"font-weight: 400;\">\u00c0 Vernon, trop d\u2019enfants grandissent avec une \u00e9cole qui ne tient pas ses promesses. Selon les quartiers, les projets p\u00e9dagogiques ne se valent pas, creusant les \u00e9carts entre les \u00e9l\u00e8ves. Faute de soutien municipal, les \u00e9quipes \u00e9ducatives peinent \u00e0 organiser des projets ou des sorties pourtant essentiels aux apprentissages. L\u2019\u00e9cole se revendique inclusive, mais elle manque de personnel adapt\u00e9 pour accompagner les enfants en difficult\u00e9 ou en situation de handicap. Cette situation pousse de plus en plus de familles vers le priv\u00e9, ce qui affaiblit l\u2019\u00e9cole publique et accentue les in\u00e9galit\u00e9s.<\/span><\/p>\n<p><span style=\"font-weight: 400;\">Pour la liste Vernon Demain, l\u2019\u00e9ducation est une bataille politique centrale : l\u2019\u00e9cole doit \u00eatre un lieu de dignit\u00e9, de solidarit\u00e9 et d\u2019\u00e9mancipation.<\/span><\/p>\n<p><span style=\"font-weight: 400;\">Nous voulons renforcer les moyens en classe et en p\u00e9riscolaire, adapter l\u2019\u00e9cole au changement climatique, v\u00e9g\u00e9taliser les cours de r\u00e9cr\u00e9ation, garantir une cantine et des activit\u00e9s accessibles \u00e0 toutes et tous. Les parents seront associ\u00e9s aux d\u00e9cisions. Nous d\u00e9fendons une \u00e9ducation li\u00e9e aux associations et aux projets interg\u00e9n\u00e9rationnels, avec un soutien scolaire gratuit renforc\u00e9 et un pass culture pour chaque jeune, sans condition de revenus.<\/span><\/p>\n<p>[\/et_pb_accordion_item][et_pb_accordion_item title=\u00a0\u00bbS\u00e9curit\u00e9\u00a0\u00bb toggle_icon=\u00a0\u00bb&#xe06d;||divi||400&Prime; _builder_version=\u00a0\u00bb4.27.5&Prime; _module_preset=\u00a0\u00bbdefault\u00a0\u00bb global_colors_info=\u00a0\u00bb{}\u00a0\u00bb open=\u00a0\u00bboff\u00a0\u00bb]<\/p>\n<p><em>Si vous \u00eates \u00e9lue, quelles mesures sont pr\u00e9vues pour am\u00e9liorer la situation \u00e0 Vernon ?<\/em><\/p>\n<p><span style=\"font-weight: 400;\">La s\u00e9curit\u00e9 ne peut \u00eatre r\u00e9duite \u00e0 la seule r\u00e9pression, aux cam\u00e9ras co\u00fbteuses et inefficaces, ou \u00e0 l\u2019armement des policiers, qui accro\u00eet les risques pour les habitants comme pour les agents. Il est n\u00e9cessaire de changer de logique, d\u2019agir et de pr\u00e9venir.<\/span><\/p>\n<p><span style=\"font-weight: 400;\">Cela implique de lutter contre les trafics et les violences dans l\u2019espace public, de rendre visibles et combattre les violences intrafamiliales, sexistes et sexuelles, le racisme et toutes les discriminations.<\/span><\/p>\n<p><span style=\"font-weight: 400;\">La municipalit\u00e9 doit \u00eatre exemplaire : contr\u00f4le des pratiques polici\u00e8res, cr\u00e9ation d\u2019un observatoire local des discriminations, dispositifs de signalement. Nous am\u00e9nagerons des espaces publics inclusifs, s\u00fbrs et accessibles : \u00e9clairage intelligent, parcours pi\u00e9tons et cyclables s\u00e9curis\u00e9s, espaces apais\u00e9s autour des \u00e9coles, cr\u00e8ches et EHPAD.<\/span><\/p>\n<p><span style=\"font-weight: 400;\">La pr\u00e9vention sera renforc\u00e9e par la formation des agents, le d\u00e9veloppement d\u2019\u00eelotiers, d\u2019\u00e9ducateurs de rue et de dispositifs d\u2019accompagnement des familles. Nous d\u00e9fendons aussi une s\u00e9curit\u00e9 alimentaire, \u00e9nerg\u00e9tique et sanitaire fond\u00e9e sur la solidarit\u00e9 et la planification \u00e9cologique.<\/span><\/p>\n<p><span style=\"font-weight: 400;\">\u00c0 Vernon, nous porterons une s\u00e9curit\u00e9 f\u00e9ministe, \u00e9cologique et solidaire, au service de toutes et tous.<\/span><\/p>\n<p>[\/et_pb_accordion_item][et_pb_accordion_item title=\u00a0\u00bbCommerces\u00a0\u00bb toggle_icon=\u00a0\u00bb&#xf291;||fa||900&Prime; _builder_version=\u00a0\u00bb4.27.5&Prime; _module_preset=\u00a0\u00bbdefault\u00a0\u00bb global_colors_info=\u00a0\u00bb{}\u00a0\u00bb open=\u00a0\u00bboff\u00a0\u00bb]<\/p>\n<p><em>Si vous \u00eates \u00e9lue, quelles mesures souhaiteriez-vous mettre en place pour am\u00e9liorer la situation \u00e0 Vernon ?<\/em><\/p>\n<p>Ces derni\u00e8res ann\u00e9es, d\u2019importants travaux ont \u00e9t\u00e9 engag\u00e9s en hyper-centre. On nous promettait dynamisme et attractivit\u00e9. La r\u00e9alit\u00e9 est tout autre : suppression de places de stationnement, chantiers interminables\u2026 l\u2019acc\u00e8s au centre est devenu compliqu\u00e9. Pour les commer\u00e7ants, c\u2019est une perte de client\u00e8le. Les autres quartiers quant \u00e0 eux, se sentent d\u00e9laiss\u00e9s, de nombreux habitants n\u2019ayant pas d\u2019acc\u00e8s direct \u00e0 des commerces de premi\u00e8re n\u00e9cessit\u00e9.<\/p>\n<p>Nos commerces ind\u00e9pendants ne peuvent pas encaisser seuls ces difficult\u00e9s. Le centre-ville se meurt, et avec lui disparaissent des emplois, du lien social et un savoir-faire local pr\u00e9cieux.<\/p>\n<p>Nous refusons cette fatalit\u00e9 !<br \/>Nous voulons une vie commerciale vivante, accessible et populaire. Nos propositions :<\/p>\n<p>&#8211; Repenser la politique de stationnement, en la rendant lisible et adapt\u00e9e aux besoins des clients et des commer\u00e7ants.<br \/>&#8211; Donner une v\u00e9ritable visibilit\u00e9 aux commerces locaux, gr\u00e2ce au bulletin municipal.<br \/>&#8211; Cr\u00e9er un p\u00e9rim\u00e8tre de sauvegarde du commerce de proximit\u00e9, permettant \u00e0 la commune d\u2019intervenir pour emp\u00eacher la sp\u00e9culation, maintenir la diversit\u00e9 commerciale et, si n\u00e9cessaire, municipaliser ou co-g\u00e9rer certains locaux strat\u00e9giques.<\/p>\n<p>[\/et_pb_accordion_item][et_pb_accordion_item title=\u00a0\u00bb\u00c9cologie\u00a0\u00bb toggle_icon=\u00a0\u00bb&#xf06c;||fa||900&Prime; _builder_version=\u00a0\u00bb4.27.5&Prime; _module_preset=\u00a0\u00bbdefault\u00a0\u00bb global_colors_info=\u00a0\u00bb{}\u00a0\u00bb open=\u00a0\u00bboff\u00a0\u00bb]<\/p>\n<p><em>Si vous \u00eates \u00e9lue, quelles mesures sont pr\u00e9vues pour am\u00e9liorer la situation \u00e0 Vernon ?<\/em><\/p>\n<p>Les Vernonnais m\u00e9ritent une \u00e9cologie du quotidien: joyeuse, concr\u00e8te et \u00e9conome. Face aux enjeux environnementaux, la municipalit\u00e9 doit \u00eatre un levier d\u2019action imm\u00e9diat.<\/p>\n<p>Cela passe par une autre mani\u00e8re de se d\u00e9placer: des transports en commun plus accessibles, des cheminements continus et s\u00e9curis\u00e9s pour la marche et le v\u00e9lo.<\/p>\n<p>La commune se doit aussi de mieux nourrir, enfants comme a\u00een\u00e9s, gr\u00e2ce \u00e0 une restauration municipale bio et locale, qui soutient l\u2019\u00e9conomie du territoire et les agriculteurs adoptant des pratiques respectueuses de la sant\u00e9 et de l\u2019environnement.<\/p>\n<p>C\u2019est \u00e9galement consommer moins et mieux nos ressources: r\u00e9duire le bilan carbone de la construction, mieux g\u00e9rer l\u2019eau, isoler et \u00e9quiper nos b\u00e2timents publics en \u00e9nergies renouvelables, et accompagner les Vernonnais dans la r\u00e9novation \u00e9nerg\u00e9tique de leur logement, isolation comme chauffage.<\/p>\n<p>V\u00e9g\u00e9taliser notre ville, d\u00e9simperm\u00e9abiliser les sols, cr\u00e9er des \u00eelots de fra\u00eecheur, r\u00e9duire nos d\u00e9chets en organisant la redistribution, le pr\u00eat et le r\u00e9emploi: autant d\u2019autres leviers concrets pour une ville plus solidaire et r\u00e9siliente.<\/p>\n<p>\u00c0 Vernon, l&rsquo;\u00e9cologie ne doit pas \u00eatre une contrainte: c&rsquo;est une chance de vivre mieux, ensemble.<\/p>\n<p>[\/et_pb_accordion_item][\/et_pb_accordion][\/et_pb_column][et_pb_column type=\u00a0\u00bb2_5&Prime; _builder_version=\u00a0\u00bb4.27.5&Prime; _module_preset=\u00a0\u00bbdefault\u00a0\u00bb global_colors_info=\u00a0\u00bb{}\u00a0\u00bb][et_pb_image src=\u00a0\u00bbhttp:\/\/vernondemain.fr\/wp-content\/uploads\/2026\/02\/meeting.webp\u00a0\u00bb title_text=\u00a0\u00bbmeeting\u00a0\u00bb _builder_version=\u00a0\u00bb4.27.5&Prime; _module_preset=\u00a0\u00bbdefault\u00a0\u00bb global_colors_info=\u00a0\u00bb{}\u00a0\u00bb][\/et_pb_image][et_pb_image src=\u00a0\u00bbhttp:\/\/vernondemain.fr\/wp-content\/uploads\/2026\/02\/Tract-1.png\u00a0\u00bb title_text=\u00a0\u00bbTract 1&Prime; _builder_version=\u00a0\u00bb4.27.5&Prime; _module_preset=\u00a0\u00bbdefault\u00a0\u00bb global_colors_info=\u00a0\u00bb{}\u00a0\u00bb][\/et_pb_image][\/et_pb_column][\/et_pb_row][\/et_pb_section]<\/p>\n","protected":false},"excerpt":{"rendered":"<p>MEETINGS : Premier tour le 11 mars &#8211; Second tour le 19 mars Salle Vikings &#8211; Espace Philippe Auguste &#8211; 19h00Amandine LIARD, candidate t\u00eate de liste de Vernon DemainLA LISTE DE GAUCHE, \u00c9COLOGISTE ET CITOYENNE Pour une ville qui prot\u00e8ge,Pour une ville qui \u00e9mancipe. Vernonnaise depuis l\u2019enfance, engag\u00e9e dans la vie associative et politique, j\u2019ai [&hellip;]<\/p>\n","protected":false},"author":1,"featured_media":0,"parent":0,"menu_order":0,"comment_status":"closed","ping_status":"closed","template":"","meta":{"_et_pb_use_builder":"on","_et_pb_old_content":"<!-- wp:paragraph -->\n<p>This is an example page. It's different from a blog post because it will stay in one place and will show up in your site navigation (in most themes). Most people start with an About page that introduces them to potential site visitors. It might say something like this:<\/p>\n<!-- \/wp:paragraph -->\n\n<!-- wp:quote -->\n<blockquote class=\"wp-block-quote\"><p>Hi there! I'm a bike messenger by day, aspiring actor by night, and this is my website. I live in Los Angeles, have a great dog named Jack, and I like pi&#241;a coladas. (And gettin' caught in the rain.)<\/p><\/blockquote>\n<!-- \/wp:quote -->\n\n<!-- wp:paragraph -->\n<p>...or something like this:<\/p>\n<!-- \/wp:paragraph -->\n\n<!-- wp:quote -->\n<blockquote class=\"wp-block-quote\"><p>The XYZ Doohickey Company was founded in 1971, and has been providing quality doohickeys to the public ever since. Located in Gotham City, XYZ employs over 2,000 people and does all kinds of awesome things for the Gotham community.<\/p><\/blockquote>\n<!-- \/wp:quote -->\n\n<!-- wp:paragraph -->\n<p>As a new WordPress user, you should go to <a href=\"http:\/\/vernondemain.fr\/wp-admin\/\">your dashboard<\/a> to delete this page and create new pages for your content. Have fun!<\/p>\n<!-- \/wp:paragraph -->","_et_gb_content_width":"","footnotes":""},"class_list":["post-2","page","type-page","status-publish","hentry"],"_links":{"self":[{"href":"https:\/\/vernondemain.fr\/index.php\/wp-json\/wp\/v2\/pages\/2","targetHints":{"allow":["GET"]}}],"collection":[{"href":"https:\/\/vernondemain.fr\/index.php\/wp-json\/wp\/v2\/pages"}],"about":[{"href":"https:\/\/vernondemain.fr\/index.php\/wp-json\/wp\/v2\/types\/page"}],"author":[{"embeddable":true,"href":"https:\/\/vernondemain.fr\/index.php\/wp-json\/wp\/v2\/users\/1"}],"replies":[{"embeddable":true,"href":"https:\/\/vernondemain.fr\/index.php\/wp-json\/wp\/v2\/comments?post=2"}],"version-history":[{"count":51,"href":"https:\/\/vernondemain.fr\/index.php\/wp-json\/wp\/v2\/pages\/2\/revisions"}],"predecessor-version":[{"id":249,"href":"https:\/\/vernondemain.fr\/index.php\/wp-json\/wp\/v2\/pages\/2\/revisions\/249"}],"wp:attachment":[{"href":"https:\/\/vernondemain.fr\/index.php\/wp-json\/wp\/v2\/media?parent=2"}],"curies":[{"name":"wp","href":"https:\/\/api.w.org\/{rel}","templated":true}]}}